{"id":1112,"date":"2015-04-03T08:01:20","date_gmt":"2015-04-03T07:01:20","guid":{"rendered":"http:\/\/theatre-petit-louvre.fr\/avignon\/?page_id=1112"},"modified":"2016-07-18T14:07:52","modified_gmt":"2016-07-18T13:07:52","slug":"lhomme-assis-dans-le-couloir","status":"publish","type":"page","link":"https:\/\/theatre-petit-louvre.fr\/avignon\/spectacles-2017\/salle-van-gogh\/lhomme-assis-dans-le-couloir\/","title":{"rendered":"L&rsquo;HOMME ASSIS DANS LE COULOIR"},"content":{"rendered":"<p><strong>de Marguerite Duras, mise en sc\u00e8ne Gabriel Garran<\/strong><\/p>\n<p><img loading=\"lazy\" decoding=\"async\" class=\"alignnone size-full wp-image-1441\" src=\"http:\/\/theatre-petit-louvre.fr\/avignon\/wp-content\/uploads\/2015\/04\/homme-assis.jpg\" alt=\"homme-assis\" width=\"900\" height=\"370\" srcset=\"https:\/\/theatre-petit-louvre.fr\/avignon\/wp-content\/uploads\/2015\/04\/homme-assis.jpg 900w, https:\/\/theatre-petit-louvre.fr\/avignon\/wp-content\/uploads\/2015\/04\/homme-assis-150x62.jpg 150w, https:\/\/theatre-petit-louvre.fr\/avignon\/wp-content\/uploads\/2015\/04\/homme-assis-300x123.jpg 300w, https:\/\/theatre-petit-louvre.fr\/avignon\/wp-content\/uploads\/2015\/04\/homme-assis-624x257.jpg 624w\" sizes=\"auto, (max-width: 900px) 100vw, 900px\" \/><\/p>\n<p><strong>Le d\u00e9sir en attente<\/strong><\/p>\n<p><strong>\u00a0<\/strong><strong>Avec ce r\u00e9cit, celui d\u2019une femme qui d\u00e9crit sa relation sexuelle avec l\u2019homme, Marguerite Duras livre une \u00e9pure de style, d\u2019\u00e9motion, d\u2019intensit\u00e9 en m\u00eame temps qu\u2019elle cultive l\u2019ambig\u00fcit\u00e9 entre le r\u00e9el et l\u2019imaginaire. A la question\u00a0\u201c quelle est selon vous la t\u00e2che de la litt\u00e9rature\u00a0?, elle r\u00e9pondait\u00a0\u00ab de repr\u00e9senter l\u2019interdit.\u00a0\u00bb<\/strong><\/p>\n<p>Qu\u2019il s\u2019agisse de la mani\u00e8re de faire une bonne soupe aux poireaux pomme de terre, (\u00ab\u00a0Ouside \u00bb) de faits divers (\u00ab\u00a0L\u2019Amante anglaise\u00a0\u00bb), des fractures de l\u2019Histoire et du nazisme (\u00ab\u00a0La Douleur\u00a0\u00bb, \u00ab\u00a0Hiroshima mon amour\u00a0\u00bb), de politique et de litt\u00e9rature ( \u201c\u00a0L\u2019\u00e9t\u00e9 80\u00a0\u201d, \u201c\u00a0Ecrire c\u2019est tout\u00a0\u201d), de romans en chroniques journalistiques, de th\u00e9\u00e2tre en\u00a0 cin\u00e9ma, Marguerite Duras a \u00e9crit sur tous les sujets\u00a0 comme on aime \u00e0 changer de sentiers, prendre des raccourcis, faire des crochets avant de reprendre le chemin. Celui qui part de \u201c\u00a0Barrage contre le pacifique\u00a0\u201d et sert de limon \u00e0 l\u2019entier d\u2019une \u0153uvre o\u00f9 fusionne l\u2019auteur et la fiction.<\/p>\n<p>\u201c\u00a0Ce texte je n\u2019aurais pas pu l\u2019\u00e9crire si je ne l\u2019avais v\u00e9cu\u00a0\u201d expliquait Marguerite Duras \u00e0 propos de \u201c\u00a0L\u2019Homme assis dans le couloir\u00a0\u201d. Un court roman narratif qui donne \u00e0 voir le d\u00e9sir et son accomplissement sous diff\u00e9rents angles tout en laissant planer le doute.<\/p>\n<p>En toute fid\u00e9lit\u00e9 \u00e0 Marguerite Duras, Gabriel Garran et son interpr\u00e8te Marie C\u00e9cile Gueguen maintiennent l\u2019ambigu\u00eft\u00e9 entre le r\u00e9el et l\u2019imaginaire.<\/p>\n<p>&nbsp;<\/p>\n<p>&nbsp;<\/p>\n","protected":false},"excerpt":{"rendered":"<p>de Marguerite Duras, mise en sc\u00e8ne Gabriel Garran Le d\u00e9sir en attente \u00a0Avec ce r\u00e9cit, celui d\u2019une femme qui d\u00e9crit sa relation sexuelle avec l\u2019homme, Marguerite Duras livre une \u00e9pure de style, d\u2019\u00e9motion, d\u2019intensit\u00e9 en m\u00eame temps qu\u2019elle cultive l\u2019ambig\u00fcit\u00e9 entre le r\u00e9el et l\u2019imaginaire. A la question\u00a0\u201c quelle est selon vous la t\u00e2che de [&hellip;]<\/p>\n","protected":false},"author":1,"featured_media":0,"parent":350,"menu_order":6,"comment_status":"open","ping_status":"open","template":"","meta":{"_uag_custom_page_level_css":"","site-sidebar-layout":"default","site-content-layout":"","ast-site-content-layout":"default","site-content-style":"default","site-sidebar-style":"default","ast-global-header-display":"","ast-banner-title-visibility":"","ast-main-header-display":"","ast-hfb-above-header-display":"","ast-hfb-below-header-display":"","ast-hfb-mobile-header-display":"","site-post-title":"","ast-breadcrumbs-content":"","ast-featured-img":"","footer-sml-layout":"","ast-disable-related-posts":"","theme-transparent-header-meta":"","adv-header-id-meta":"","stick-header-meta":"","header-above-stick-meta":"","header-main-stick-meta":"","header-below-stick-meta":"","astra-migrate-meta-layouts":"default","ast-page-background-enabled":"default","ast-page-background-meta":{"desktop":{"background-color":"var(--ast-global-color-4)","background-image":"","background-repeat":"repeat","background-position":"center center","background-size":"auto","background-attachment":"scroll","background-type":"","background-media":"","overlay-type":"","overlay-color":"","overlay-opacity":"","overlay-gradient":""},"tablet":{"background-color":"","background-image":"","background-repeat":"repeat","background-position":"center center","background-size":"auto","background-attachment":"scroll","background-type":"","background-media":"","overlay-type":"","overlay-color":"","overlay-opacity":"","overlay-gradient":""},"mobile":{"background-color":"","background-image":"","background-repeat":"repeat","background-position":"center center","background-size":"auto","background-attachment":"scroll","background-type":"","background-media":"","overlay-type":"","overlay-color":"","overlay-opacity":"","overlay-gradient":""}},"ast-content-background-meta":{"desktop":{"background-color":"var(--ast-global-color-5)","background-image":"","background-repeat":"repeat","background-position":"center center","background-size":"auto","background-attachment":"scroll","background-type":"","background-media":"","overlay-type":"","overlay-color":"","overlay-opacity":"","overlay-gradient":""},"tablet":{"background-color":"var(--ast-global-color-5)","background-image":"","background-repeat":"repeat","background-position":"center center","background-size":"auto","background-attachment":"scroll","background-type":"","background-media":"","overlay-type":"","overlay-color":"","overlay-opacity":"","overlay-gradient":""},"mobile":{"background-color":"var(--ast-global-color-5)","background-image":"","background-repeat":"repeat","background-position":"center center","background-size":"auto","background-attachment":"scroll","background-type":"","background-media":"","overlay-type":"","overlay-color":"","overlay-opacity":"","overlay-gradient":""}},"footnotes":"","_links_to":"","_links_to_target":""},"categories":[],"tags":[],"class_list":["post-1112","page","type-page","status-publish","hentry"],"yoast_head":"<!-- This site is optimized with the Yoast SEO plugin v27.5 - https:\/\/yoast.com\/product\/yoast-seo-wordpress\/ -->\n<title>L&#039;HOMME ASSIS DANS LE COULOIR - Le Petit Louvre<\/title>\n<meta name=\"description\" content=\"Chaque \u00e9t\u00e9, un th\u00e9\u00e2tre au c\u0153ur d&#039;Avignon, Festival off : des textes, des auteurs, des autrices, des acteurs, des actrices. Deux salles climatis\u00e9es, 15 spectacles, un bar-restaurant.\" \/>\n<meta name=\"robots\" content=\"index, follow, max-snippet:-1, max-image-preview:large, max-video-preview:-1\" \/>\n<link rel=\"canonical\" href=\"https:\/\/theatre-petit-louvre.fr\/avignon\/spectacles-2017\/salle-van-gogh\/lhomme-assis-dans-le-couloir\/\" \/>\n<meta property=\"og:locale\" content=\"fr_FR\" \/>\n<meta property=\"og:type\" content=\"article\" \/>\n<meta property=\"og:title\" content=\"L&#039;HOMME ASSIS DANS LE COULOIR - Le Petit Louvre\" \/>\n<meta property=\"og:description\" content=\"Chaque \u00e9t\u00e9, un th\u00e9\u00e2tre au c\u0153ur d&#039;Avignon, Festival off : des textes, des auteurs, des autrices, des acteurs, des actrices. Deux salles climatis\u00e9es, 15 spectacles, un bar-restaurant.\" \/>\n<meta property=\"og:url\" content=\"https:\/\/theatre-petit-louvre.fr\/avignon\/spectacles-2017\/salle-van-gogh\/lhomme-assis-dans-le-couloir\/\" \/>\n<meta property=\"og:site_name\" content=\"Le Petit Louvre\" \/>\n<meta property=\"article:modified_time\" content=\"2016-07-18T13:07:52+00:00\" \/>\n<meta property=\"og:image\" content=\"http:\/\/theatre-petit-louvre.fr\/avignon\/wp-content\/uploads\/2015\/04\/homme-assis.jpg\" \/>\n<meta name=\"twitter:label1\" content=\"Dur\u00e9e de lecture estim\u00e9e\" \/>\n\t<meta name=\"twitter:data1\" content=\"1 minute\" \/>\n<script type=\"application\/ld+json\" class=\"yoast-schema-graph\">{\"@context\":\"https:\\\/\\\/schema.org\",\"@graph\":[{\"@type\":\"WebPage\",\"@id\":\"https:\\\/\\\/theatre-petit-louvre.fr\\\/avignon\\\/spectacles-2017\\\/salle-van-gogh\\\/lhomme-assis-dans-le-couloir\\\/\",\"url\":\"https:\\\/\\\/theatre-petit-louvre.fr\\\/avignon\\\/spectacles-2017\\\/salle-van-gogh\\\/lhomme-assis-dans-le-couloir\\\/\",\"name\":\"L'HOMME ASSIS DANS LE COULOIR - Le Petit Louvre\",\"isPartOf\":{\"@id\":\"https:\\\/\\\/theatre-petit-louvre.fr\\\/avignon\\\/#website\"},\"primaryImageOfPage\":{\"@id\":\"https:\\\/\\\/theatre-petit-louvre.fr\\\/avignon\\\/spectacles-2017\\\/salle-van-gogh\\\/lhomme-assis-dans-le-couloir\\\/#primaryimage\"},\"image\":{\"@id\":\"https:\\\/\\\/theatre-petit-louvre.fr\\\/avignon\\\/spectacles-2017\\\/salle-van-gogh\\\/lhomme-assis-dans-le-couloir\\\/#primaryimage\"},\"thumbnailUrl\":\"http:\\\/\\\/theatre-petit-louvre.fr\\\/avignon\\\/wp-content\\\/uploads\\\/2015\\\/04\\\/homme-assis.jpg\",\"datePublished\":\"2015-04-03T07:01:20+00:00\",\"dateModified\":\"2016-07-18T13:07:52+00:00\",\"description\":\"Chaque \u00e9t\u00e9, un th\u00e9\u00e2tre au c\u0153ur d'Avignon, Festival off : des textes, des auteurs, des autrices, des acteurs, des actrices. Deux salles climatis\u00e9es, 15 spectacles, un bar-restaurant.\",\"breadcrumb\":{\"@id\":\"https:\\\/\\\/theatre-petit-louvre.fr\\\/avignon\\\/spectacles-2017\\\/salle-van-gogh\\\/lhomme-assis-dans-le-couloir\\\/#breadcrumb\"},\"inLanguage\":\"fr-FR\",\"potentialAction\":[{\"@type\":\"ReadAction\",\"target\":[\"https:\\\/\\\/theatre-petit-louvre.fr\\\/avignon\\\/spectacles-2017\\\/salle-van-gogh\\\/lhomme-assis-dans-le-couloir\\\/\"]}]},{\"@type\":\"ImageObject\",\"inLanguage\":\"fr-FR\",\"@id\":\"https:\\\/\\\/theatre-petit-louvre.fr\\\/avignon\\\/spectacles-2017\\\/salle-van-gogh\\\/lhomme-assis-dans-le-couloir\\\/#primaryimage\",\"url\":\"https:\\\/\\\/theatre-petit-louvre.fr\\\/avignon\\\/wp-content\\\/uploads\\\/2015\\\/04\\\/homme-assis.jpg\",\"contentUrl\":\"https:\\\/\\\/theatre-petit-louvre.fr\\\/avignon\\\/wp-content\\\/uploads\\\/2015\\\/04\\\/homme-assis.jpg\",\"width\":900,\"height\":370,\"caption\":\"L\u2019HOMME ASSIS DANS LE COULOIR\"},{\"@type\":\"BreadcrumbList\",\"@id\":\"https:\\\/\\\/theatre-petit-louvre.fr\\\/avignon\\\/spectacles-2017\\\/salle-van-gogh\\\/lhomme-assis-dans-le-couloir\\\/#breadcrumb\",\"itemListElement\":[{\"@type\":\"ListItem\",\"position\":1,\"name\":\"Home\",\"item\":\"https:\\\/\\\/theatre-petit-louvre.fr\\\/avignon\\\/\"},{\"@type\":\"ListItem\",\"position\":2,\"name\":\"Spectacles 2017\",\"item\":\"https:\\\/\\\/theatre-petit-louvre.fr\\\/avignon\\\/spectacles-2017\\\/\"},{\"@type\":\"ListItem\",\"position\":3,\"name\":\"salle Van Gogh\",\"item\":\"https:\\\/\\\/theatre-petit-louvre.fr\\\/avignon\\\/?page_id=350\"},{\"@type\":\"ListItem\",\"position\":4,\"name\":\"L&rsquo;HOMME ASSIS DANS LE COULOIR\"}]},{\"@type\":\"WebSite\",\"@id\":\"https:\\\/\\\/theatre-petit-louvre.fr\\\/avignon\\\/#website\",\"url\":\"https:\\\/\\\/theatre-petit-louvre.fr\\\/avignon\\\/\",\"name\":\"Le Petit Louvre\",\"description\":\"un th\u00e9\u00e2tre au c\u0153ur d&#039;Avignon | Festival off\",\"publisher\":{\"@id\":\"https:\\\/\\\/theatre-petit-louvre.fr\\\/avignon\\\/#organization\"},\"potentialAction\":[{\"@type\":\"SearchAction\",\"target\":{\"@type\":\"EntryPoint\",\"urlTemplate\":\"https:\\\/\\\/theatre-petit-louvre.fr\\\/avignon\\\/?s={search_term_string}\"},\"query-input\":{\"@type\":\"PropertyValueSpecification\",\"valueRequired\":true,\"valueName\":\"search_term_string\"}}],\"inLanguage\":\"fr-FR\"},{\"@type\":\"Organization\",\"@id\":\"https:\\\/\\\/theatre-petit-louvre.fr\\\/avignon\\\/#organization\",\"name\":\"Th\u00e9\u00e2tre Le Petit Louvre\",\"url\":\"https:\\\/\\\/theatre-petit-louvre.fr\\\/avignon\\\/\",\"logo\":{\"@type\":\"ImageObject\",\"inLanguage\":\"fr-FR\",\"@id\":\"https:\\\/\\\/theatre-petit-louvre.fr\\\/avignon\\\/#\\\/schema\\\/logo\\\/image\\\/\",\"url\":\"https:\\\/\\\/theatre-petit-louvre.fr\\\/avignon\\\/wp-content\\\/uploads\\\/2022\\\/05\\\/logo_petit-louvre_2008_RVB.png\",\"contentUrl\":\"https:\\\/\\\/theatre-petit-louvre.fr\\\/avignon\\\/wp-content\\\/uploads\\\/2022\\\/05\\\/logo_petit-louvre_2008_RVB.png\",\"width\":374,\"height\":800,\"caption\":\"Th\u00e9\u00e2tre Le Petit Louvre\"},\"image\":{\"@id\":\"https:\\\/\\\/theatre-petit-louvre.fr\\\/avignon\\\/#\\\/schema\\\/logo\\\/image\\\/\"}}]}<\/script>\n<!-- \/ Yoast SEO plugin. -->","yoast_head_json":{"title":"L'HOMME ASSIS DANS LE COULOIR - Le Petit Louvre","description":"Chaque \u00e9t\u00e9, un th\u00e9\u00e2tre au c\u0153ur d'Avignon, Festival off : des textes, des auteurs, des autrices, des acteurs, des actrices. Deux salles climatis\u00e9es, 15 spectacles, un bar-restaurant.","robots":{"index":"index","follow":"follow","max-snippet":"max-snippet:-1","max-image-preview":"max-image-preview:large","max-video-preview":"max-video-preview:-1"},"canonical":"https:\/\/theatre-petit-louvre.fr\/avignon\/spectacles-2017\/salle-van-gogh\/lhomme-assis-dans-le-couloir\/","og_locale":"fr_FR","og_type":"article","og_title":"L'HOMME ASSIS DANS LE COULOIR - Le Petit Louvre","og_description":"Chaque \u00e9t\u00e9, un th\u00e9\u00e2tre au c\u0153ur d'Avignon, Festival off : des textes, des auteurs, des autrices, des acteurs, des actrices. Deux salles climatis\u00e9es, 15 spectacles, un bar-restaurant.","og_url":"https:\/\/theatre-petit-louvre.fr\/avignon\/spectacles-2017\/salle-van-gogh\/lhomme-assis-dans-le-couloir\/","og_site_name":"Le Petit Louvre","article_modified_time":"2016-07-18T13:07:52+00:00","og_image":[{"url":"http:\/\/theatre-petit-louvre.fr\/avignon\/wp-content\/uploads\/2015\/04\/homme-assis.jpg","type":"","width":"","height":""}],"twitter_misc":{"Dur\u00e9e de lecture estim\u00e9e":"1 minute"},"schema":{"@context":"https:\/\/schema.org","@graph":[{"@type":"WebPage","@id":"https:\/\/theatre-petit-louvre.fr\/avignon\/spectacles-2017\/salle-van-gogh\/lhomme-assis-dans-le-couloir\/","url":"https:\/\/theatre-petit-louvre.fr\/avignon\/spectacles-2017\/salle-van-gogh\/lhomme-assis-dans-le-couloir\/","name":"L'HOMME ASSIS DANS LE COULOIR - Le Petit Louvre","isPartOf":{"@id":"https:\/\/theatre-petit-louvre.fr\/avignon\/#website"},"primaryImageOfPage":{"@id":"https:\/\/theatre-petit-louvre.fr\/avignon\/spectacles-2017\/salle-van-gogh\/lhomme-assis-dans-le-couloir\/#primaryimage"},"image":{"@id":"https:\/\/theatre-petit-louvre.fr\/avignon\/spectacles-2017\/salle-van-gogh\/lhomme-assis-dans-le-couloir\/#primaryimage"},"thumbnailUrl":"http:\/\/theatre-petit-louvre.fr\/avignon\/wp-content\/uploads\/2015\/04\/homme-assis.jpg","datePublished":"2015-04-03T07:01:20+00:00","dateModified":"2016-07-18T13:07:52+00:00","description":"Chaque \u00e9t\u00e9, un th\u00e9\u00e2tre au c\u0153ur d'Avignon, Festival off : des textes, des auteurs, des autrices, des acteurs, des actrices. Deux salles climatis\u00e9es, 15 spectacles, un bar-restaurant.","breadcrumb":{"@id":"https:\/\/theatre-petit-louvre.fr\/avignon\/spectacles-2017\/salle-van-gogh\/lhomme-assis-dans-le-couloir\/#breadcrumb"},"inLanguage":"fr-FR","potentialAction":[{"@type":"ReadAction","target":["https:\/\/theatre-petit-louvre.fr\/avignon\/spectacles-2017\/salle-van-gogh\/lhomme-assis-dans-le-couloir\/"]}]},{"@type":"ImageObject","inLanguage":"fr-FR","@id":"https:\/\/theatre-petit-louvre.fr\/avignon\/spectacles-2017\/salle-van-gogh\/lhomme-assis-dans-le-couloir\/#primaryimage","url":"https:\/\/theatre-petit-louvre.fr\/avignon\/wp-content\/uploads\/2015\/04\/homme-assis.jpg","contentUrl":"https:\/\/theatre-petit-louvre.fr\/avignon\/wp-content\/uploads\/2015\/04\/homme-assis.jpg","width":900,"height":370,"caption":"L\u2019HOMME ASSIS DANS LE COULOIR"},{"@type":"BreadcrumbList","@id":"https:\/\/theatre-petit-louvre.fr\/avignon\/spectacles-2017\/salle-van-gogh\/lhomme-assis-dans-le-couloir\/#breadcrumb","itemListElement":[{"@type":"ListItem","position":1,"name":"Home","item":"https:\/\/theatre-petit-louvre.fr\/avignon\/"},{"@type":"ListItem","position":2,"name":"Spectacles 2017","item":"https:\/\/theatre-petit-louvre.fr\/avignon\/spectacles-2017\/"},{"@type":"ListItem","position":3,"name":"salle Van Gogh","item":"https:\/\/theatre-petit-louvre.fr\/avignon\/?page_id=350"},{"@type":"ListItem","position":4,"name":"L&rsquo;HOMME ASSIS DANS LE COULOIR"}]},{"@type":"WebSite","@id":"https:\/\/theatre-petit-louvre.fr\/avignon\/#website","url":"https:\/\/theatre-petit-louvre.fr\/avignon\/","name":"Le Petit Louvre","description":"un th\u00e9\u00e2tre au c\u0153ur d&#039;Avignon | Festival off","publisher":{"@id":"https:\/\/theatre-petit-louvre.fr\/avignon\/#organization"},"potentialAction":[{"@type":"SearchAction","target":{"@type":"EntryPoint","urlTemplate":"https:\/\/theatre-petit-louvre.fr\/avignon\/?s={search_term_string}"},"query-input":{"@type":"PropertyValueSpecification","valueRequired":true,"valueName":"search_term_string"}}],"inLanguage":"fr-FR"},{"@type":"Organization","@id":"https:\/\/theatre-petit-louvre.fr\/avignon\/#organization","name":"Th\u00e9\u00e2tre Le Petit Louvre","url":"https:\/\/theatre-petit-louvre.fr\/avignon\/","logo":{"@type":"ImageObject","inLanguage":"fr-FR","@id":"https:\/\/theatre-petit-louvre.fr\/avignon\/#\/schema\/logo\/image\/","url":"https:\/\/theatre-petit-louvre.fr\/avignon\/wp-content\/uploads\/2022\/05\/logo_petit-louvre_2008_RVB.png","contentUrl":"https:\/\/theatre-petit-louvre.fr\/avignon\/wp-content\/uploads\/2022\/05\/logo_petit-louvre_2008_RVB.png","width":374,"height":800,"caption":"Th\u00e9\u00e2tre Le Petit Louvre"},"image":{"@id":"https:\/\/theatre-petit-louvre.fr\/avignon\/#\/schema\/logo\/image\/"}}]}},"uagb_featured_image_src":{"full":false,"thumbnail":false,"medium":false,"medium_large":false,"large":false,"1536x1536":false,"2048x2048":false},"uagb_author_info":{"display_name":"cyber","author_link":"https:\/\/theatre-petit-louvre.fr\/avignon\/author\/cyber\/"},"uagb_comment_info":0,"uagb_excerpt":"de Marguerite Duras, mise en sc\u00e8ne Gabriel Garran Le d\u00e9sir en attente \u00a0Avec ce r\u00e9cit, celui d\u2019une femme qui d\u00e9crit sa relation sexuelle avec l\u2019homme, Marguerite Duras livre une \u00e9pure de style, d\u2019\u00e9motion, d\u2019intensit\u00e9 en m\u00eame temps qu\u2019elle cultive l\u2019ambig\u00fcit\u00e9 entre le r\u00e9el et l\u2019imaginaire. A la question\u00a0\u201c quelle est selon vous la t\u00e2che de\u2026","_links":{"self":[{"href":"https:\/\/theatre-petit-louvre.fr\/avignon\/wp-json\/wp\/v2\/pages\/1112","targetHints":{"allow":["GET"]}}],"collection":[{"href":"https:\/\/theatre-petit-louvre.fr\/avignon\/wp-json\/wp\/v2\/pages"}],"about":[{"href":"https:\/\/theatre-petit-louvre.fr\/avignon\/wp-json\/wp\/v2\/types\/page"}],"author":[{"embeddable":true,"href":"https:\/\/theatre-petit-louvre.fr\/avignon\/wp-json\/wp\/v2\/users\/1"}],"replies":[{"embeddable":true,"href":"https:\/\/theatre-petit-louvre.fr\/avignon\/wp-json\/wp\/v2\/comments?post=1112"}],"version-history":[{"count":10,"href":"https:\/\/theatre-petit-louvre.fr\/avignon\/wp-json\/wp\/v2\/pages\/1112\/revisions"}],"predecessor-version":[{"id":1362,"href":"https:\/\/theatre-petit-louvre.fr\/avignon\/wp-json\/wp\/v2\/pages\/1112\/revisions\/1362"}],"up":[{"embeddable":true,"href":"https:\/\/theatre-petit-louvre.fr\/avignon\/wp-json\/wp\/v2\/pages\/350"}],"wp:attachment":[{"href":"https:\/\/theatre-petit-louvre.fr\/avignon\/wp-json\/wp\/v2\/media?parent=1112"}],"wp:term":[{"taxonomy":"category","embeddable":true,"href":"https:\/\/theatre-petit-louvre.fr\/avignon\/wp-json\/wp\/v2\/categories?post=1112"},{"taxonomy":"post_tag","embeddable":true,"href":"https:\/\/theatre-petit-louvre.fr\/avignon\/wp-json\/wp\/v2\/tags?post=1112"}],"curies":[{"name":"wp","href":"https:\/\/api.w.org\/{rel}","templated":true}]}}