{"id":2571,"date":"2019-04-30T13:55:10","date_gmt":"2019-04-30T12:55:10","guid":{"rendered":"http:\/\/theatre-petit-louvre.fr\/avignon\/?page_id=2571"},"modified":"2019-07-26T14:08:23","modified_gmt":"2019-07-26T13:08:23","slug":"la-nuit-juste-avant-les-forets","status":"publish","type":"page","link":"https:\/\/theatre-petit-louvre.fr\/avignon\/la-nuit-juste-avant-les-forets\/","title":{"rendered":"LA NUIT JUSTE AVANT LES FORETS &#8211; cr\u00e9ation"},"content":{"rendered":"<p>De Bernard-Marie Kolt\u00e8s &#8211; mise en sc\u00e8ne C\u00e9cile Rist<\/p>\n<figure id=\"attachment_2572\" aria-describedby=\"caption-attachment-2572\" style=\"width: 625px\" class=\"wp-caption alignnone\"><img loading=\"lazy\" decoding=\"async\" class=\"size-large wp-image-2572\" src=\"http:\/\/theatre-petit-louvre.fr\/avignon\/wp-content\/uploads\/2019\/04\/page-36-La-nuit-juste-avant-les-for\u00eats-900x510.jpg\" alt=\"\" width=\"625\" height=\"354\" srcset=\"https:\/\/theatre-petit-louvre.fr\/avignon\/wp-content\/uploads\/2019\/04\/page-36-La-nuit-juste-avant-les-for\u00eats-900x510.jpg 900w, https:\/\/theatre-petit-louvre.fr\/avignon\/wp-content\/uploads\/2019\/04\/page-36-La-nuit-juste-avant-les-for\u00eats-150x85.jpg 150w, https:\/\/theatre-petit-louvre.fr\/avignon\/wp-content\/uploads\/2019\/04\/page-36-La-nuit-juste-avant-les-for\u00eats-300x170.jpg 300w, https:\/\/theatre-petit-louvre.fr\/avignon\/wp-content\/uploads\/2019\/04\/page-36-La-nuit-juste-avant-les-for\u00eats-768x434.jpg 768w, https:\/\/theatre-petit-louvre.fr\/avignon\/wp-content\/uploads\/2019\/04\/page-36-La-nuit-juste-avant-les-for\u00eats-624x353.jpg 624w, https:\/\/theatre-petit-louvre.fr\/avignon\/wp-content\/uploads\/2019\/04\/page-36-La-nuit-juste-avant-les-for\u00eats.jpg 1211w\" sizes=\"auto, (max-width: 625px) 100vw, 625px\" \/><figcaption id=\"caption-attachment-2572\" class=\"wp-caption-text\">La nuit juste avant les for\u00eats<\/figcaption><\/figure>\n<p><strong>Une rhapsodie vertigineuse<\/strong><\/p>\n<p><strong>Quel titre ! Myst\u00e9rieux et sombre, promesse de po\u00e9sie, de peur et de secrets. <\/strong><strong>Un titre qui \u00e9voque l\u2019ombre et les arbres, or nous voici plong\u00e9s sous les lumi\u00e8res blafardes de la nuit urbaine. Kolt\u00e8s \u00e9crit en 1977 ce texte br\u00fblant &#8211; aujourd&rsquo;hui politiquement explosif \u00e0 l&rsquo;heure o\u00f9 l\u2019Autre est un \u00e9tranger.<\/strong><\/p>\n<p><strong>\u00a0<\/strong>Il pourrait s\u2019agir des mille et une nuits, o\u00f9 conte apr\u00e8s conte, un homme, \u00e9perdu, ivre, tente de s\u2019agripper au premier entre-aper\u00e7u dans la nuit.\u00a0 Dans ce texte s\u2019entrechoquent, comme on brode sur le motif, la parole brute et la haute po\u00e9sie. Un flot de paroles, tel une rhapsodie vertigineuse disait Patrice Ch\u00e9reau.<\/p>\n<p>\u00ab\u00a0Ce que l\u2019on voit d\u2019abord, explique C\u00e9cile Rist qui le met en sc\u00e8ne, c\u2019est un de ces inconnus envahissants qui nous encombrent.\u00a0 \u00ab\u00a0L\u2019Autre\u00a0\u00bb quoi ! Celui qui n\u2019est pas moi, \u00e0 qui je ne veux en aucun cas ressembler, celui dont je veux me d\u00e9barrasser pour retrouver mon confort, ma tranquillit\u00e9, mon existence paisible\u2026 Cet autre, cet \u00e9tranger qui aujourd\u2019hui se multiplie sur les trottoirs de nos villes, vivant parmi les rats qui prolif\u00e8rent aussi, sans abri sous la neige, sans abri sous la pluie, arpentant les rames de m\u00e9tro. Ces autres que nous laissons (sur)vivre ou p\u00e9rir \u00e0 nos c\u00f4t\u00e9s, \u00e9vitant leurs regards, retenant nos mains que nous ne savons pas comment tendre, pris que nous sommes dans nos propres syst\u00e8mes, dans nos propres engrenages, r\u00e9v\u00e9lateurs de notre civilisation malade d\u2019hypocrisie.\u00a0\u00bb<\/p>\n","protected":false},"excerpt":{"rendered":"<p>De Bernard-Marie Kolt\u00e8s &#8211; mise en sc\u00e8ne C\u00e9cile Rist Une rhapsodie vertigineuse Quel titre ! Myst\u00e9rieux et sombre, promesse de po\u00e9sie, de peur et de secrets. Un titre qui \u00e9voque l\u2019ombre et les arbres, or nous voici plong\u00e9s sous les lumi\u00e8res blafardes de la nuit urbaine. Kolt\u00e8s \u00e9crit en 1977 ce texte br\u00fblant &#8211; aujourd&rsquo;hui [&hellip;]<\/p>\n","protected":false},"author":1,"featured_media":0,"parent":0,"menu_order":0,"comment_status":"closed","ping_status":"closed","template":"","meta":{"_uag_custom_page_level_css":"","site-sidebar-layout":"default","site-content-layout":"","ast-site-content-layout":"default","site-content-style":"default","site-sidebar-style":"default","ast-global-header-display":"","ast-banner-title-visibility":"","ast-main-header-display":"","ast-hfb-above-header-display":"","ast-hfb-below-header-display":"","ast-hfb-mobile-header-display":"","site-post-title":"","ast-breadcrumbs-content":"","ast-featured-img":"","footer-sml-layout":"","ast-disable-related-posts":"","theme-transparent-header-meta":"","adv-header-id-meta":"","stick-header-meta":"","header-above-stick-meta":"","header-main-stick-meta":"","header-below-stick-meta":"","astra-migrate-meta-layouts":"default","ast-page-background-enabled":"default","ast-page-background-meta":{"desktop":{"background-color":"var(--ast-global-color-4)","background-image":"","background-repeat":"repeat","background-position":"center center","background-size":"auto","background-attachment":"scroll","background-type":"","background-media":"","overlay-type":"","overlay-color":"","overlay-opacity":"","overlay-gradient":""},"tablet":{"background-color":"","background-image":"","background-repeat":"repeat","background-position":"center center","background-size":"auto","background-attachment":"scroll","background-type":"","background-media":"","overlay-type":"","overlay-color":"","overlay-opacity":"","overlay-gradient":""},"mobile":{"background-color":"","background-image":"","background-repeat":"repeat","background-position":"center center","background-size":"auto","background-attachment":"scroll","background-type":"","background-media":"","overlay-type":"","overlay-color":"","overlay-opacity":"","overlay-gradient":""}},"ast-content-background-meta":{"desktop":{"background-color":"var(--ast-global-color-5)","background-image":"","background-repeat":"repeat","background-position":"center center","background-size":"auto","background-attachment":"scroll","background-type":"","background-media":"","overlay-type":"","overlay-color":"","overlay-opacity":"","overlay-gradient":""},"tablet":{"background-color":"var(--ast-global-color-5)","background-image":"","background-repeat":"repeat","background-position":"center center","background-size":"auto","background-attachment":"scroll","background-type":"","background-media":"","overlay-type":"","overlay-color":"","overlay-opacity":"","overlay-gradient":""},"mobile":{"background-color":"var(--ast-global-color-5)","background-image":"","background-repeat":"repeat","background-position":"center center","background-size":"auto","background-attachment":"scroll","background-type":"","background-media":"","overlay-type":"","overlay-color":"","overlay-opacity":"","overlay-gradient":""}},"footnotes":"","_links_to":"","_links_to_target":""},"categories":[15,10],"tags":[],"class_list":["post-2571","page","type-page","status-publish","hentry","category-dix-neuf","category-salle-van-gogh"],"yoast_head":"<!-- This site is optimized with the Yoast SEO plugin v27.5 - https:\/\/yoast.com\/product\/yoast-seo-wordpress\/ -->\n<title>LA NUIT JUSTE AVANT LES FORETS - cr\u00e9ation - Le Petit Louvre<\/title>\n<meta name=\"description\" content=\"Chaque \u00e9t\u00e9, un th\u00e9\u00e2tre au c\u0153ur d&#039;Avignon, Festival off : des textes, des auteurs, des autrices, des acteurs, des actrices. Deux salles climatis\u00e9es, 15 spectacles, un bar-restaurant.\" \/>\n<meta name=\"robots\" content=\"index, follow, max-snippet:-1, max-image-preview:large, max-video-preview:-1\" \/>\n<link rel=\"canonical\" href=\"https:\/\/theatre-petit-louvre.fr\/avignon\/la-nuit-juste-avant-les-forets\/\" \/>\n<meta property=\"og:locale\" content=\"fr_FR\" \/>\n<meta property=\"og:type\" content=\"article\" \/>\n<meta property=\"og:title\" content=\"LA NUIT JUSTE AVANT LES FORETS - cr\u00e9ation - Le Petit Louvre\" \/>\n<meta property=\"og:description\" content=\"Chaque \u00e9t\u00e9, un th\u00e9\u00e2tre au c\u0153ur d&#039;Avignon, Festival off : des textes, des auteurs, des autrices, des acteurs, des actrices. Deux salles climatis\u00e9es, 15 spectacles, un bar-restaurant.\" \/>\n<meta property=\"og:url\" content=\"https:\/\/theatre-petit-louvre.fr\/avignon\/la-nuit-juste-avant-les-forets\/\" \/>\n<meta property=\"og:site_name\" content=\"Le Petit Louvre\" \/>\n<meta property=\"article:modified_time\" content=\"2019-07-26T13:08:23+00:00\" \/>\n<meta name=\"twitter:label1\" content=\"Dur\u00e9e de lecture estim\u00e9e\" \/>\n\t<meta name=\"twitter:data1\" content=\"1 minute\" \/>\n<script type=\"application\/ld+json\" class=\"yoast-schema-graph\">{\"@context\":\"https:\\\/\\\/schema.org\",\"@graph\":[{\"@type\":\"WebPage\",\"@id\":\"https:\\\/\\\/theatre-petit-louvre.fr\\\/avignon\\\/la-nuit-juste-avant-les-forets\\\/\",\"url\":\"https:\\\/\\\/theatre-petit-louvre.fr\\\/avignon\\\/la-nuit-juste-avant-les-forets\\\/\",\"name\":\"LA NUIT JUSTE AVANT LES FORETS - cr\u00e9ation - Le Petit Louvre\",\"isPartOf\":{\"@id\":\"https:\\\/\\\/theatre-petit-louvre.fr\\\/avignon\\\/#website\"},\"datePublished\":\"2019-04-30T12:55:10+00:00\",\"dateModified\":\"2019-07-26T13:08:23+00:00\",\"description\":\"Chaque \u00e9t\u00e9, un th\u00e9\u00e2tre au c\u0153ur d'Avignon, Festival off : des textes, des auteurs, des autrices, des acteurs, des actrices. Deux salles climatis\u00e9es, 15 spectacles, un bar-restaurant.\",\"breadcrumb\":{\"@id\":\"https:\\\/\\\/theatre-petit-louvre.fr\\\/avignon\\\/la-nuit-juste-avant-les-forets\\\/#breadcrumb\"},\"inLanguage\":\"fr-FR\",\"potentialAction\":[{\"@type\":\"ReadAction\",\"target\":[\"https:\\\/\\\/theatre-petit-louvre.fr\\\/avignon\\\/la-nuit-juste-avant-les-forets\\\/\"]}]},{\"@type\":\"BreadcrumbList\",\"@id\":\"https:\\\/\\\/theatre-petit-louvre.fr\\\/avignon\\\/la-nuit-juste-avant-les-forets\\\/#breadcrumb\",\"itemListElement\":[{\"@type\":\"ListItem\",\"position\":1,\"name\":\"Home\",\"item\":\"https:\\\/\\\/theatre-petit-louvre.fr\\\/avignon\\\/\"},{\"@type\":\"ListItem\",\"position\":2,\"name\":\"LA NUIT JUSTE AVANT LES FORETS &#8211; cr\u00e9ation\"}]},{\"@type\":\"WebSite\",\"@id\":\"https:\\\/\\\/theatre-petit-louvre.fr\\\/avignon\\\/#website\",\"url\":\"https:\\\/\\\/theatre-petit-louvre.fr\\\/avignon\\\/\",\"name\":\"Le Petit Louvre\",\"description\":\"un th\u00e9\u00e2tre au c\u0153ur d&#039;Avignon | Festival off\",\"publisher\":{\"@id\":\"https:\\\/\\\/theatre-petit-louvre.fr\\\/avignon\\\/#organization\"},\"potentialAction\":[{\"@type\":\"SearchAction\",\"target\":{\"@type\":\"EntryPoint\",\"urlTemplate\":\"https:\\\/\\\/theatre-petit-louvre.fr\\\/avignon\\\/?s={search_term_string}\"},\"query-input\":{\"@type\":\"PropertyValueSpecification\",\"valueRequired\":true,\"valueName\":\"search_term_string\"}}],\"inLanguage\":\"fr-FR\"},{\"@type\":\"Organization\",\"@id\":\"https:\\\/\\\/theatre-petit-louvre.fr\\\/avignon\\\/#organization\",\"name\":\"Th\u00e9\u00e2tre Le Petit Louvre\",\"url\":\"https:\\\/\\\/theatre-petit-louvre.fr\\\/avignon\\\/\",\"logo\":{\"@type\":\"ImageObject\",\"inLanguage\":\"fr-FR\",\"@id\":\"https:\\\/\\\/theatre-petit-louvre.fr\\\/avignon\\\/#\\\/schema\\\/logo\\\/image\\\/\",\"url\":\"https:\\\/\\\/theatre-petit-louvre.fr\\\/avignon\\\/wp-content\\\/uploads\\\/2022\\\/05\\\/logo_petit-louvre_2008_RVB.png\",\"contentUrl\":\"https:\\\/\\\/theatre-petit-louvre.fr\\\/avignon\\\/wp-content\\\/uploads\\\/2022\\\/05\\\/logo_petit-louvre_2008_RVB.png\",\"width\":374,\"height\":800,\"caption\":\"Th\u00e9\u00e2tre Le Petit Louvre\"},\"image\":{\"@id\":\"https:\\\/\\\/theatre-petit-louvre.fr\\\/avignon\\\/#\\\/schema\\\/logo\\\/image\\\/\"}}]}<\/script>\n<!-- \/ Yoast SEO plugin. -->","yoast_head_json":{"title":"LA NUIT JUSTE AVANT LES FORETS - cr\u00e9ation - Le Petit Louvre","description":"Chaque \u00e9t\u00e9, un th\u00e9\u00e2tre au c\u0153ur d'Avignon, Festival off : des textes, des auteurs, des autrices, des acteurs, des actrices. Deux salles climatis\u00e9es, 15 spectacles, un bar-restaurant.","robots":{"index":"index","follow":"follow","max-snippet":"max-snippet:-1","max-image-preview":"max-image-preview:large","max-video-preview":"max-video-preview:-1"},"canonical":"https:\/\/theatre-petit-louvre.fr\/avignon\/la-nuit-juste-avant-les-forets\/","og_locale":"fr_FR","og_type":"article","og_title":"LA NUIT JUSTE AVANT LES FORETS - cr\u00e9ation - Le Petit Louvre","og_description":"Chaque \u00e9t\u00e9, un th\u00e9\u00e2tre au c\u0153ur d'Avignon, Festival off : des textes, des auteurs, des autrices, des acteurs, des actrices. Deux salles climatis\u00e9es, 15 spectacles, un bar-restaurant.","og_url":"https:\/\/theatre-petit-louvre.fr\/avignon\/la-nuit-juste-avant-les-forets\/","og_site_name":"Le Petit Louvre","article_modified_time":"2019-07-26T13:08:23+00:00","twitter_misc":{"Dur\u00e9e de lecture estim\u00e9e":"1 minute"},"schema":{"@context":"https:\/\/schema.org","@graph":[{"@type":"WebPage","@id":"https:\/\/theatre-petit-louvre.fr\/avignon\/la-nuit-juste-avant-les-forets\/","url":"https:\/\/theatre-petit-louvre.fr\/avignon\/la-nuit-juste-avant-les-forets\/","name":"LA NUIT JUSTE AVANT LES FORETS - cr\u00e9ation - Le Petit Louvre","isPartOf":{"@id":"https:\/\/theatre-petit-louvre.fr\/avignon\/#website"},"datePublished":"2019-04-30T12:55:10+00:00","dateModified":"2019-07-26T13:08:23+00:00","description":"Chaque \u00e9t\u00e9, un th\u00e9\u00e2tre au c\u0153ur d'Avignon, Festival off : des textes, des auteurs, des autrices, des acteurs, des actrices. Deux salles climatis\u00e9es, 15 spectacles, un bar-restaurant.","breadcrumb":{"@id":"https:\/\/theatre-petit-louvre.fr\/avignon\/la-nuit-juste-avant-les-forets\/#breadcrumb"},"inLanguage":"fr-FR","potentialAction":[{"@type":"ReadAction","target":["https:\/\/theatre-petit-louvre.fr\/avignon\/la-nuit-juste-avant-les-forets\/"]}]},{"@type":"BreadcrumbList","@id":"https:\/\/theatre-petit-louvre.fr\/avignon\/la-nuit-juste-avant-les-forets\/#breadcrumb","itemListElement":[{"@type":"ListItem","position":1,"name":"Home","item":"https:\/\/theatre-petit-louvre.fr\/avignon\/"},{"@type":"ListItem","position":2,"name":"LA NUIT JUSTE AVANT LES FORETS &#8211; cr\u00e9ation"}]},{"@type":"WebSite","@id":"https:\/\/theatre-petit-louvre.fr\/avignon\/#website","url":"https:\/\/theatre-petit-louvre.fr\/avignon\/","name":"Le Petit Louvre","description":"un th\u00e9\u00e2tre au c\u0153ur d&#039;Avignon | Festival off","publisher":{"@id":"https:\/\/theatre-petit-louvre.fr\/avignon\/#organization"},"potentialAction":[{"@type":"SearchAction","target":{"@type":"EntryPoint","urlTemplate":"https:\/\/theatre-petit-louvre.fr\/avignon\/?s={search_term_string}"},"query-input":{"@type":"PropertyValueSpecification","valueRequired":true,"valueName":"search_term_string"}}],"inLanguage":"fr-FR"},{"@type":"Organization","@id":"https:\/\/theatre-petit-louvre.fr\/avignon\/#organization","name":"Th\u00e9\u00e2tre Le Petit Louvre","url":"https:\/\/theatre-petit-louvre.fr\/avignon\/","logo":{"@type":"ImageObject","inLanguage":"fr-FR","@id":"https:\/\/theatre-petit-louvre.fr\/avignon\/#\/schema\/logo\/image\/","url":"https:\/\/theatre-petit-louvre.fr\/avignon\/wp-content\/uploads\/2022\/05\/logo_petit-louvre_2008_RVB.png","contentUrl":"https:\/\/theatre-petit-louvre.fr\/avignon\/wp-content\/uploads\/2022\/05\/logo_petit-louvre_2008_RVB.png","width":374,"height":800,"caption":"Th\u00e9\u00e2tre Le Petit Louvre"},"image":{"@id":"https:\/\/theatre-petit-louvre.fr\/avignon\/#\/schema\/logo\/image\/"}}]}},"uagb_featured_image_src":{"full":false,"thumbnail":false,"medium":false,"medium_large":false,"large":false,"1536x1536":false,"2048x2048":false},"uagb_author_info":{"display_name":"cyber","author_link":"https:\/\/theatre-petit-louvre.fr\/avignon\/author\/cyber\/"},"uagb_comment_info":0,"uagb_excerpt":"De Bernard-Marie Kolt\u00e8s &#8211; mise en sc\u00e8ne C\u00e9cile Rist Une rhapsodie vertigineuse Quel titre ! Myst\u00e9rieux et sombre, promesse de po\u00e9sie, de peur et de secrets. Un titre qui \u00e9voque l\u2019ombre et les arbres, or nous voici plong\u00e9s sous les lumi\u00e8res blafardes de la nuit urbaine. Kolt\u00e8s \u00e9crit en 1977 ce texte br\u00fblant &#8211; aujourd&rsquo;hui\u2026","_links":{"self":[{"href":"https:\/\/theatre-petit-louvre.fr\/avignon\/wp-json\/wp\/v2\/pages\/2571","targetHints":{"allow":["GET"]}}],"collection":[{"href":"https:\/\/theatre-petit-louvre.fr\/avignon\/wp-json\/wp\/v2\/pages"}],"about":[{"href":"https:\/\/theatre-petit-louvre.fr\/avignon\/wp-json\/wp\/v2\/types\/page"}],"author":[{"embeddable":true,"href":"https:\/\/theatre-petit-louvre.fr\/avignon\/wp-json\/wp\/v2\/users\/1"}],"replies":[{"embeddable":true,"href":"https:\/\/theatre-petit-louvre.fr\/avignon\/wp-json\/wp\/v2\/comments?post=2571"}],"version-history":[{"count":2,"href":"https:\/\/theatre-petit-louvre.fr\/avignon\/wp-json\/wp\/v2\/pages\/2571\/revisions"}],"predecessor-version":[{"id":2680,"href":"https:\/\/theatre-petit-louvre.fr\/avignon\/wp-json\/wp\/v2\/pages\/2571\/revisions\/2680"}],"wp:attachment":[{"href":"https:\/\/theatre-petit-louvre.fr\/avignon\/wp-json\/wp\/v2\/media?parent=2571"}],"wp:term":[{"taxonomy":"category","embeddable":true,"href":"https:\/\/theatre-petit-louvre.fr\/avignon\/wp-json\/wp\/v2\/categories?post=2571"},{"taxonomy":"post_tag","embeddable":true,"href":"https:\/\/theatre-petit-louvre.fr\/avignon\/wp-json\/wp\/v2\/tags?post=2571"}],"curies":[{"name":"wp","href":"https:\/\/api.w.org\/{rel}","templated":true}]}}