{"id":3488,"date":"2023-04-28T14:48:03","date_gmt":"2023-04-28T13:48:03","guid":{"rendered":"https:\/\/theatre-petit-louvre.fr\/avignon\/?page_id=3488"},"modified":"2023-06-05T06:21:46","modified_gmt":"2023-06-05T05:21:46","slug":"la-breve-liaison-de-maman","status":"publish","type":"page","link":"https:\/\/theatre-petit-louvre.fr\/avignon\/la-breve-liaison-de-maman\/","title":{"rendered":"LA BREVE LIAISON DE MAMAN"},"content":{"rendered":"\n<p><strong>De Richard Greenberg. Mise en sc\u00e8ne Isabelle Starkier<\/strong><br>Compagnie Isabelle Starkier<\/p>\n\n\n\n<p class=\"has-ast-global-color-4-background-color has-background\"><strong>Chapelle des Templiers<\/strong> du 7 au 29 juillet 2023 \u00e0 <strong>15h50<\/strong>. Dur\u00e9e <strong>1h30<\/strong><br>Tarifs <strong>22\/15\/10 euros<\/strong>. Rel\u00e2che le mercredi <strong>(12, 19 et 26 juillet)<\/strong><\/p>\n\n\n\n<div class=\"wp-block-buttons is-layout-flex wp-block-buttons-is-layout-flex\">\n<div class=\"wp-block-button\"><a class=\"wp-block-button__link\" href=\"https:\/\/billetterie-le-petit-louvre.tickandlive.com\/evenement\/la-breve-liaison-de-maman\" target=\"_blank\" rel=\"noreferrer noopener\">R\u00e9servez vos places<\/a><\/div>\n<\/div>\n\n\n\n<div style=\"height:31px\" aria-hidden=\"true\" class=\"wp-block-spacer\"><\/div>\n\n\n\n<figure class=\"wp-block-gallery has-nested-images columns-default is-cropped wp-block-gallery-1 is-layout-flex wp-block-gallery-is-layout-flex\">\n<figure class=\"wp-block-image size-large\"><a href=\"https:\/\/theatre-petit-louvre.fr\/avignon\/wp-content\/uploads\/2023\/05\/DSC7869_DxO.jpg\" rel=\"lightbox[3488]\"><img loading=\"lazy\" decoding=\"async\" width=\"346\" height=\"510\" data-id=\"3642\" src=\"https:\/\/theatre-petit-louvre.fr\/avignon\/wp-content\/uploads\/2023\/05\/DSC7869_DxO-346x510.jpg\" alt=\"\" class=\"wp-image-3642\" srcset=\"https:\/\/theatre-petit-louvre.fr\/avignon\/wp-content\/uploads\/2023\/05\/DSC7869_DxO-346x510.jpg 346w, https:\/\/theatre-petit-louvre.fr\/avignon\/wp-content\/uploads\/2023\/05\/DSC7869_DxO-204x300.jpg 204w, https:\/\/theatre-petit-louvre.fr\/avignon\/wp-content\/uploads\/2023\/05\/DSC7869_DxO-102x150.jpg 102w, https:\/\/theatre-petit-louvre.fr\/avignon\/wp-content\/uploads\/2023\/05\/DSC7869_DxO.jpg 407w\" sizes=\"auto, (max-width: 346px) 100vw, 346px\" \/><\/a><\/figure>\n\n\n\n<figure class=\"wp-block-image size-large\"><a href=\"https:\/\/theatre-petit-louvre.fr\/avignon\/wp-content\/uploads\/2023\/05\/DSC00156_DxO.jpg\" rel=\"lightbox[3488]\"><img loading=\"lazy\" decoding=\"async\" width=\"765\" height=\"510\" data-id=\"3643\" src=\"https:\/\/theatre-petit-louvre.fr\/avignon\/wp-content\/uploads\/2023\/05\/DSC00156_DxO-765x510.jpg\" alt=\"\" class=\"wp-image-3643\" srcset=\"https:\/\/theatre-petit-louvre.fr\/avignon\/wp-content\/uploads\/2023\/05\/DSC00156_DxO-765x510.jpg 765w, https:\/\/theatre-petit-louvre.fr\/avignon\/wp-content\/uploads\/2023\/05\/DSC00156_DxO-300x200.jpg 300w, https:\/\/theatre-petit-louvre.fr\/avignon\/wp-content\/uploads\/2023\/05\/DSC00156_DxO-150x100.jpg 150w, https:\/\/theatre-petit-louvre.fr\/avignon\/wp-content\/uploads\/2023\/05\/DSC00156_DxO-768x512.jpg 768w, https:\/\/theatre-petit-louvre.fr\/avignon\/wp-content\/uploads\/2023\/05\/DSC00156_DxO.jpg 900w\" sizes=\"auto, (max-width: 765px) 100vw, 765px\" \/><\/a><\/figure>\n\n\n\n<figure class=\"wp-block-image size-large\"><a href=\"https:\/\/theatre-petit-louvre.fr\/avignon\/wp-content\/uploads\/2023\/05\/DSC00195_DxO.jpg\" rel=\"lightbox[3488]\"><img loading=\"lazy\" decoding=\"async\" width=\"765\" height=\"510\" data-id=\"3644\" src=\"https:\/\/theatre-petit-louvre.fr\/avignon\/wp-content\/uploads\/2023\/05\/DSC00195_DxO-765x510.jpg\" alt=\"\" class=\"wp-image-3644\" srcset=\"https:\/\/theatre-petit-louvre.fr\/avignon\/wp-content\/uploads\/2023\/05\/DSC00195_DxO-765x510.jpg 765w, https:\/\/theatre-petit-louvre.fr\/avignon\/wp-content\/uploads\/2023\/05\/DSC00195_DxO-300x200.jpg 300w, https:\/\/theatre-petit-louvre.fr\/avignon\/wp-content\/uploads\/2023\/05\/DSC00195_DxO-150x100.jpg 150w, https:\/\/theatre-petit-louvre.fr\/avignon\/wp-content\/uploads\/2023\/05\/DSC00195_DxO-768x512.jpg 768w, https:\/\/theatre-petit-louvre.fr\/avignon\/wp-content\/uploads\/2023\/05\/DSC00195_DxO.jpg 900w\" sizes=\"auto, (max-width: 765px) 100vw, 765px\" \/><\/a><\/figure>\n<\/figure>\n\n\n\n<p style=\"font-size:15px\"><strong><strong>Une com\u00e9die new-yorkaise familiale et d\u00e9jant\u00e9e<\/strong><\/strong>.<br><strong>La pi\u00e8ce nous transporte dans une famille de juifs new-yorkais, n\u00e9vros\u00e9s et attachants, insupportables et dr\u00f4les\u2026 le p\u00e8re, la m\u00e8re, les jumeaux et l\u2019amant de la m\u00e8re. Un amant qui n&rsquo;a peut-\u00eatre jamais exist\u00e9 mais qui permet \u00e0 la m\u00e8re de sortir de son histoire pour rentrer dans la grande Histoire.<\/strong><\/p>\n\n\n\n<div class=\"wp-block-media-text alignwide is-stacked-on-mobile\" style=\"grid-template-columns:45% auto\"><figure class=\"wp-block-media-text__media\"><img loading=\"lazy\" decoding=\"async\" width=\"479\" height=\"510\" src=\"https:\/\/theatre-petit-louvre.fr\/avignon\/wp-content\/uploads\/2023\/04\/Maman-479x510.jpg\" alt=\"\" class=\"wp-image-3512 size-full\" srcset=\"https:\/\/theatre-petit-louvre.fr\/avignon\/wp-content\/uploads\/2023\/04\/Maman-479x510.jpg 479w, https:\/\/theatre-petit-louvre.fr\/avignon\/wp-content\/uploads\/2023\/04\/Maman-282x300.jpg 282w, https:\/\/theatre-petit-louvre.fr\/avignon\/wp-content\/uploads\/2023\/04\/Maman-141x150.jpg 141w, https:\/\/theatre-petit-louvre.fr\/avignon\/wp-content\/uploads\/2023\/04\/Maman.jpg 564w\" sizes=\"auto, (max-width: 479px) 100vw, 479px\" \/><\/figure><div class=\"wp-block-media-text__content\">\n<p class=\"has-small-font-size\">L\u2019histoire d\u00e9roule une sorte d\u2019enqu\u00eate n\u00e9vrotique que m\u00e8nent les enfants, manipul\u00e9s par leur m\u00e8re, autour de l\u2019amant. Les faux-semblants tissent la narration th\u00e9\u00e2trale au travers de dialogues d\u00e9lirants, \u00e0 la fois hilarants et \u00e9mouvants. Les personnages se croisent et se d\u00e9croisent sur le plateau&nbsp;; tous se d\u00e9placent en fonction du jeu qu\u2019ils ont \u00e0 jouer au moment o\u00f9 ils rentrent dans l\u2019histoire (dans l\u2019Histoire&nbsp;?). On ne sait jamais o\u00f9 l\u2019on est vraiment. Et l\u2019humour \u2013l\u2019humour juif\u2013 occupe une place de choix, permettant un regard critique et d\u00e9cal\u00e9 sur une soci\u00e9t\u00e9 \u00e0 laquelle on n\u2019appartient jamais tout \u00e0 fait mais que l\u2019on souhaite aimer et int\u00e9grer d\u2019autant plus, qu\u2019on soit juif, noir, homosexuel, femme.<br>\u00ab&nbsp;C\u2019est une pi\u00e8ce qui interroge \u00e0 la fois la perte et la construction de sens de notre identit\u00e9 individuelle et historique. Nous sommes soixante-dix ans apr\u00e8s l\u2019ex\u00e9cution des Rosenberg et je pense qu\u2019il faut nous souvenir plus que jamais de cette terrible histoire, souvent oubli\u00e9e.&nbsp; Le th\u00e9\u00e2tre doit \u00eatre une fen\u00eatre sur le monde, un monde perdu et \u00e9perdu qui ne fonctionne plus que sur des signes spectaculaires. Redonnons du sens au th\u00e9\u00e2tre pour qu\u2019il donne du sens au monde.&nbsp;\u00bb <strong>Isabelle Starkier<\/strong><\/p>\n<\/div><\/div>\n\n\n\n<p class=\"has-ast-global-color-0-color has-ast-global-color-4-background-color has-text-color has-background has-small-font-size\"><strong>Avec Francine Berg\u00e9, Fr\u00e9d\u00e9ric Andrau, Anne Le Guernec, Jean-Jacques Vanier<\/strong><\/p>\n\n\n\n<p class=\"has-ast-global-color-0-color has-text-color has-small-font-size\"><em>Conseil costumes<\/em> : Mine Verg\u00e8s &#8211; <em>Cr\u00e9ation lumi\u00e8re<\/em>s : Julia Grand &#8211; <em>D\u00e9cor<\/em> : Goury &#8211; <em>Musique&nbsp;<\/em>: Alain Territo<\/p>\n\n\n\n<p class=\"has-small-font-size\"><strong>Extrait :<\/strong><br><strong>ARI<\/strong> Tu lui lis des histoires d\u2019holocauste et autres cataclysmes du pass\u00e9 ?<br><strong>AVA<\/strong> Oui.<br><strong>ARI<\/strong> Mais, elle a 10 mois.<br><strong>AVA<\/strong> Oui. Je lui lisais : \u00ab et Blanche Neige croqua la pomme \u00bb et elle me regardait avec ses yeux vagues et son sourire plein de bulles. Un soir, j\u2019ai essay\u00e9, juste comme \u00e7a pour voir : \u00ab et le matin suivant, on retrouva plusieurs commer\u00e7ants baignant dans leur propre graisse congel\u00e9e \u00bb. Elle avait toujours le m\u00eame regard et le m\u00eame sourire. Alors \u00e7a m\u2019a sembl\u00e9 cool&#8230; <strong> SILENCE<\/strong><br><\/p>\n\n\n\n<p><\/p>\n\n\n\n<p><\/p>\n\n\n\n<p><\/p>\n","protected":false},"excerpt":{"rendered":"<p>De Richard Greenberg. Mise en sc\u00e8ne Isabelle StarkierCompagnie Isabelle Starkier Chapelle des Templiers du 7 au 29 juillet 2023 \u00e0 15h50. Dur\u00e9e 1h30Tarifs 22\/15\/10 euros. Rel\u00e2che le mercredi (12, 19 et 26 juillet) Une com\u00e9die new-yorkaise familiale et d\u00e9jant\u00e9e.La pi\u00e8ce nous transporte dans une famille de juifs new-yorkais, n\u00e9vros\u00e9s et attachants, insupportables et dr\u00f4les\u2026 le [&hellip;]<\/p>\n","protected":false},"author":3,"featured_media":0,"parent":0,"menu_order":0,"comment_status":"closed","ping_status":"closed","template":"","meta":{"_uag_custom_page_level_css":"","site-sidebar-layout":"default","site-content-layout":"","ast-site-content-layout":"default","site-content-style":"default","site-sidebar-style":"default","ast-global-header-display":"","ast-banner-title-visibility":"","ast-main-header-display":"","ast-hfb-above-header-display":"","ast-hfb-below-header-display":"","ast-hfb-mobile-header-display":"","site-post-title":"","ast-breadcrumbs-content":"","ast-featured-img":"","footer-sml-layout":"","ast-disable-related-posts":"","theme-transparent-header-meta":"","adv-header-id-meta":"","stick-header-meta":"","header-above-stick-meta":"","header-main-stick-meta":"","header-below-stick-meta":"","astra-migrate-meta-layouts":"default","ast-page-background-enabled":"default","ast-page-background-meta":{"desktop":{"background-color":"var(--ast-global-color-4)","background-image":"","background-repeat":"repeat","background-position":"center center","background-size":"auto","background-attachment":"scroll","background-type":"","background-media":"","overlay-type":"","overlay-color":"","overlay-opacity":"","overlay-gradient":""},"tablet":{"background-color":"","background-image":"","background-repeat":"repeat","background-position":"center center","background-size":"auto","background-attachment":"scroll","background-type":"","background-media":"","overlay-type":"","overlay-color":"","overlay-opacity":"","overlay-gradient":""},"mobile":{"background-color":"","background-image":"","background-repeat":"repeat","background-position":"center center","background-size":"auto","background-attachment":"scroll","background-type":"","background-media":"","overlay-type":"","overlay-color":"","overlay-opacity":"","overlay-gradient":""}},"ast-content-background-meta":{"desktop":{"background-color":"var(--ast-global-color-5)","background-image":"","background-repeat":"repeat","background-position":"center center","background-size":"auto","background-attachment":"scroll","background-type":"","background-media":"","overlay-type":"","overlay-color":"","overlay-opacity":"","overlay-gradient":""},"tablet":{"background-color":"var(--ast-global-color-5)","background-image":"","background-repeat":"repeat","background-position":"center center","background-size":"auto","background-attachment":"scroll","background-type":"","background-media":"","overlay-type":"","overlay-color":"","overlay-opacity":"","overlay-gradient":""},"mobile":{"background-color":"var(--ast-global-color-5)","background-image":"","background-repeat":"repeat","background-position":"center center","background-size":"auto","background-attachment":"scroll","background-type":"","background-media":"","overlay-type":"","overlay-color":"","overlay-opacity":"","overlay-gradient":""}},"footnotes":"","_links_to":"","_links_to_target":""},"categories":[20,9],"tags":[],"class_list":["post-3488","page","type-page","status-publish","hentry","category-20","category-chapelle-des-templiers"],"yoast_head":"<!-- This site is optimized with the Yoast SEO plugin v27.5 - https:\/\/yoast.com\/product\/yoast-seo-wordpress\/ -->\n<title>LA BREVE LIAISON DE MAMAN - Le Petit Louvre<\/title>\n<meta name=\"description\" content=\"Chaque \u00e9t\u00e9, un th\u00e9\u00e2tre au c\u0153ur d&#039;Avignon, Festival off : des textes, des auteurs, des autrices, des acteurs, des actrices. Deux salles climatis\u00e9es, 15 spectacles, un bar-restaurant.\" \/>\n<meta name=\"robots\" content=\"index, follow, max-snippet:-1, max-image-preview:large, max-video-preview:-1\" \/>\n<link rel=\"canonical\" href=\"https:\/\/theatre-petit-louvre.fr\/avignon\/la-breve-liaison-de-maman\/\" \/>\n<meta property=\"og:locale\" content=\"fr_FR\" \/>\n<meta property=\"og:type\" content=\"article\" \/>\n<meta property=\"og:title\" content=\"LA BREVE LIAISON DE MAMAN - Le Petit Louvre\" \/>\n<meta property=\"og:description\" content=\"Chaque \u00e9t\u00e9, un th\u00e9\u00e2tre au c\u0153ur d&#039;Avignon, Festival off : des textes, des auteurs, des autrices, des acteurs, des actrices. Deux salles climatis\u00e9es, 15 spectacles, un bar-restaurant.\" \/>\n<meta property=\"og:url\" content=\"https:\/\/theatre-petit-louvre.fr\/avignon\/la-breve-liaison-de-maman\/\" \/>\n<meta property=\"og:site_name\" content=\"Le Petit Louvre\" \/>\n<meta property=\"article:modified_time\" content=\"2023-06-05T05:21:46+00:00\" \/>\n<meta property=\"og:image\" content=\"https:\/\/theatre-petit-louvre.fr\/avignon\/wp-content\/uploads\/2023\/05\/DSC7869_DxO-346x510.jpg\" \/>\n<meta name=\"twitter:label1\" content=\"Dur\u00e9e de lecture estim\u00e9e\" \/>\n\t<meta name=\"twitter:data1\" content=\"2 minutes\" \/>\n<script type=\"application\/ld+json\" class=\"yoast-schema-graph\">{\"@context\":\"https:\\\/\\\/schema.org\",\"@graph\":[{\"@type\":\"WebPage\",\"@id\":\"https:\\\/\\\/theatre-petit-louvre.fr\\\/avignon\\\/la-breve-liaison-de-maman\\\/\",\"url\":\"https:\\\/\\\/theatre-petit-louvre.fr\\\/avignon\\\/la-breve-liaison-de-maman\\\/\",\"name\":\"LA BREVE LIAISON DE MAMAN - Le Petit Louvre\",\"isPartOf\":{\"@id\":\"https:\\\/\\\/theatre-petit-louvre.fr\\\/avignon\\\/#website\"},\"primaryImageOfPage\":{\"@id\":\"https:\\\/\\\/theatre-petit-louvre.fr\\\/avignon\\\/la-breve-liaison-de-maman\\\/#primaryimage\"},\"image\":{\"@id\":\"https:\\\/\\\/theatre-petit-louvre.fr\\\/avignon\\\/la-breve-liaison-de-maman\\\/#primaryimage\"},\"thumbnailUrl\":\"https:\\\/\\\/theatre-petit-louvre.fr\\\/avignon\\\/wp-content\\\/uploads\\\/2023\\\/05\\\/DSC7869_DxO-346x510.jpg\",\"datePublished\":\"2023-04-28T13:48:03+00:00\",\"dateModified\":\"2023-06-05T05:21:46+00:00\",\"description\":\"Chaque \u00e9t\u00e9, un th\u00e9\u00e2tre au c\u0153ur d'Avignon, Festival off : des textes, des auteurs, des autrices, des acteurs, des actrices. Deux salles climatis\u00e9es, 15 spectacles, un bar-restaurant.\",\"breadcrumb\":{\"@id\":\"https:\\\/\\\/theatre-petit-louvre.fr\\\/avignon\\\/la-breve-liaison-de-maman\\\/#breadcrumb\"},\"inLanguage\":\"fr-FR\",\"potentialAction\":[{\"@type\":\"ReadAction\",\"target\":[\"https:\\\/\\\/theatre-petit-louvre.fr\\\/avignon\\\/la-breve-liaison-de-maman\\\/\"]}]},{\"@type\":\"ImageObject\",\"inLanguage\":\"fr-FR\",\"@id\":\"https:\\\/\\\/theatre-petit-louvre.fr\\\/avignon\\\/la-breve-liaison-de-maman\\\/#primaryimage\",\"url\":\"https:\\\/\\\/theatre-petit-louvre.fr\\\/avignon\\\/wp-content\\\/uploads\\\/2023\\\/05\\\/DSC7869_DxO.jpg\",\"contentUrl\":\"https:\\\/\\\/theatre-petit-louvre.fr\\\/avignon\\\/wp-content\\\/uploads\\\/2023\\\/05\\\/DSC7869_DxO.jpg\",\"width\":407,\"height\":600},{\"@type\":\"BreadcrumbList\",\"@id\":\"https:\\\/\\\/theatre-petit-louvre.fr\\\/avignon\\\/la-breve-liaison-de-maman\\\/#breadcrumb\",\"itemListElement\":[{\"@type\":\"ListItem\",\"position\":1,\"name\":\"Home\",\"item\":\"https:\\\/\\\/theatre-petit-louvre.fr\\\/avignon\\\/\"},{\"@type\":\"ListItem\",\"position\":2,\"name\":\"LA BREVE LIAISON DE MAMAN\"}]},{\"@type\":\"WebSite\",\"@id\":\"https:\\\/\\\/theatre-petit-louvre.fr\\\/avignon\\\/#website\",\"url\":\"https:\\\/\\\/theatre-petit-louvre.fr\\\/avignon\\\/\",\"name\":\"Le Petit Louvre\",\"description\":\"un th\u00e9\u00e2tre au c\u0153ur d&#039;Avignon | Festival off\",\"publisher\":{\"@id\":\"https:\\\/\\\/theatre-petit-louvre.fr\\\/avignon\\\/#organization\"},\"potentialAction\":[{\"@type\":\"SearchAction\",\"target\":{\"@type\":\"EntryPoint\",\"urlTemplate\":\"https:\\\/\\\/theatre-petit-louvre.fr\\\/avignon\\\/?s={search_term_string}\"},\"query-input\":{\"@type\":\"PropertyValueSpecification\",\"valueRequired\":true,\"valueName\":\"search_term_string\"}}],\"inLanguage\":\"fr-FR\"},{\"@type\":\"Organization\",\"@id\":\"https:\\\/\\\/theatre-petit-louvre.fr\\\/avignon\\\/#organization\",\"name\":\"Th\u00e9\u00e2tre Le Petit Louvre\",\"url\":\"https:\\\/\\\/theatre-petit-louvre.fr\\\/avignon\\\/\",\"logo\":{\"@type\":\"ImageObject\",\"inLanguage\":\"fr-FR\",\"@id\":\"https:\\\/\\\/theatre-petit-louvre.fr\\\/avignon\\\/#\\\/schema\\\/logo\\\/image\\\/\",\"url\":\"https:\\\/\\\/theatre-petit-louvre.fr\\\/avignon\\\/wp-content\\\/uploads\\\/2022\\\/05\\\/logo_petit-louvre_2008_RVB.png\",\"contentUrl\":\"https:\\\/\\\/theatre-petit-louvre.fr\\\/avignon\\\/wp-content\\\/uploads\\\/2022\\\/05\\\/logo_petit-louvre_2008_RVB.png\",\"width\":374,\"height\":800,\"caption\":\"Th\u00e9\u00e2tre Le Petit Louvre\"},\"image\":{\"@id\":\"https:\\\/\\\/theatre-petit-louvre.fr\\\/avignon\\\/#\\\/schema\\\/logo\\\/image\\\/\"}}]}<\/script>\n<!-- \/ Yoast SEO plugin. -->","yoast_head_json":{"title":"LA BREVE LIAISON DE MAMAN - Le Petit Louvre","description":"Chaque \u00e9t\u00e9, un th\u00e9\u00e2tre au c\u0153ur d'Avignon, Festival off : des textes, des auteurs, des autrices, des acteurs, des actrices. Deux salles climatis\u00e9es, 15 spectacles, un bar-restaurant.","robots":{"index":"index","follow":"follow","max-snippet":"max-snippet:-1","max-image-preview":"max-image-preview:large","max-video-preview":"max-video-preview:-1"},"canonical":"https:\/\/theatre-petit-louvre.fr\/avignon\/la-breve-liaison-de-maman\/","og_locale":"fr_FR","og_type":"article","og_title":"LA BREVE LIAISON DE MAMAN - Le Petit Louvre","og_description":"Chaque \u00e9t\u00e9, un th\u00e9\u00e2tre au c\u0153ur d'Avignon, Festival off : des textes, des auteurs, des autrices, des acteurs, des actrices. Deux salles climatis\u00e9es, 15 spectacles, un bar-restaurant.","og_url":"https:\/\/theatre-petit-louvre.fr\/avignon\/la-breve-liaison-de-maman\/","og_site_name":"Le Petit Louvre","article_modified_time":"2023-06-05T05:21:46+00:00","og_image":[{"url":"https:\/\/theatre-petit-louvre.fr\/avignon\/wp-content\/uploads\/2023\/05\/DSC7869_DxO-346x510.jpg","type":"","width":"","height":""}],"twitter_misc":{"Dur\u00e9e de lecture estim\u00e9e":"2 minutes"},"schema":{"@context":"https:\/\/schema.org","@graph":[{"@type":"WebPage","@id":"https:\/\/theatre-petit-louvre.fr\/avignon\/la-breve-liaison-de-maman\/","url":"https:\/\/theatre-petit-louvre.fr\/avignon\/la-breve-liaison-de-maman\/","name":"LA BREVE LIAISON DE MAMAN - Le Petit Louvre","isPartOf":{"@id":"https:\/\/theatre-petit-louvre.fr\/avignon\/#website"},"primaryImageOfPage":{"@id":"https:\/\/theatre-petit-louvre.fr\/avignon\/la-breve-liaison-de-maman\/#primaryimage"},"image":{"@id":"https:\/\/theatre-petit-louvre.fr\/avignon\/la-breve-liaison-de-maman\/#primaryimage"},"thumbnailUrl":"https:\/\/theatre-petit-louvre.fr\/avignon\/wp-content\/uploads\/2023\/05\/DSC7869_DxO-346x510.jpg","datePublished":"2023-04-28T13:48:03+00:00","dateModified":"2023-06-05T05:21:46+00:00","description":"Chaque \u00e9t\u00e9, un th\u00e9\u00e2tre au c\u0153ur d'Avignon, Festival off : des textes, des auteurs, des autrices, des acteurs, des actrices. Deux salles climatis\u00e9es, 15 spectacles, un bar-restaurant.","breadcrumb":{"@id":"https:\/\/theatre-petit-louvre.fr\/avignon\/la-breve-liaison-de-maman\/#breadcrumb"},"inLanguage":"fr-FR","potentialAction":[{"@type":"ReadAction","target":["https:\/\/theatre-petit-louvre.fr\/avignon\/la-breve-liaison-de-maman\/"]}]},{"@type":"ImageObject","inLanguage":"fr-FR","@id":"https:\/\/theatre-petit-louvre.fr\/avignon\/la-breve-liaison-de-maman\/#primaryimage","url":"https:\/\/theatre-petit-louvre.fr\/avignon\/wp-content\/uploads\/2023\/05\/DSC7869_DxO.jpg","contentUrl":"https:\/\/theatre-petit-louvre.fr\/avignon\/wp-content\/uploads\/2023\/05\/DSC7869_DxO.jpg","width":407,"height":600},{"@type":"BreadcrumbList","@id":"https:\/\/theatre-petit-louvre.fr\/avignon\/la-breve-liaison-de-maman\/#breadcrumb","itemListElement":[{"@type":"ListItem","position":1,"name":"Home","item":"https:\/\/theatre-petit-louvre.fr\/avignon\/"},{"@type":"ListItem","position":2,"name":"LA BREVE LIAISON DE MAMAN"}]},{"@type":"WebSite","@id":"https:\/\/theatre-petit-louvre.fr\/avignon\/#website","url":"https:\/\/theatre-petit-louvre.fr\/avignon\/","name":"Le Petit Louvre","description":"un th\u00e9\u00e2tre au c\u0153ur d&#039;Avignon | Festival off","publisher":{"@id":"https:\/\/theatre-petit-louvre.fr\/avignon\/#organization"},"potentialAction":[{"@type":"SearchAction","target":{"@type":"EntryPoint","urlTemplate":"https:\/\/theatre-petit-louvre.fr\/avignon\/?s={search_term_string}"},"query-input":{"@type":"PropertyValueSpecification","valueRequired":true,"valueName":"search_term_string"}}],"inLanguage":"fr-FR"},{"@type":"Organization","@id":"https:\/\/theatre-petit-louvre.fr\/avignon\/#organization","name":"Th\u00e9\u00e2tre Le Petit Louvre","url":"https:\/\/theatre-petit-louvre.fr\/avignon\/","logo":{"@type":"ImageObject","inLanguage":"fr-FR","@id":"https:\/\/theatre-petit-louvre.fr\/avignon\/#\/schema\/logo\/image\/","url":"https:\/\/theatre-petit-louvre.fr\/avignon\/wp-content\/uploads\/2022\/05\/logo_petit-louvre_2008_RVB.png","contentUrl":"https:\/\/theatre-petit-louvre.fr\/avignon\/wp-content\/uploads\/2022\/05\/logo_petit-louvre_2008_RVB.png","width":374,"height":800,"caption":"Th\u00e9\u00e2tre Le Petit Louvre"},"image":{"@id":"https:\/\/theatre-petit-louvre.fr\/avignon\/#\/schema\/logo\/image\/"}}]}},"uagb_featured_image_src":{"full":false,"thumbnail":false,"medium":false,"medium_large":false,"large":false,"1536x1536":false,"2048x2048":false},"uagb_author_info":{"display_name":"Jocelyne","author_link":"https:\/\/theatre-petit-louvre.fr\/avignon\/author\/jocelyne\/"},"uagb_comment_info":0,"uagb_excerpt":"De Richard Greenberg. Mise en sc\u00e8ne Isabelle StarkierCompagnie Isabelle Starkier Chapelle des Templiers du 7 au 29 juillet 2023 \u00e0 15h50. Dur\u00e9e 1h30Tarifs 22\/15\/10 euros. Rel\u00e2che le mercredi (12, 19 et 26 juillet) Une com\u00e9die new-yorkaise familiale et d\u00e9jant\u00e9e.La pi\u00e8ce nous transporte dans une famille de juifs new-yorkais, n\u00e9vros\u00e9s et attachants, insupportables et dr\u00f4les\u2026 le\u2026","_links":{"self":[{"href":"https:\/\/theatre-petit-louvre.fr\/avignon\/wp-json\/wp\/v2\/pages\/3488","targetHints":{"allow":["GET"]}}],"collection":[{"href":"https:\/\/theatre-petit-louvre.fr\/avignon\/wp-json\/wp\/v2\/pages"}],"about":[{"href":"https:\/\/theatre-petit-louvre.fr\/avignon\/wp-json\/wp\/v2\/types\/page"}],"author":[{"embeddable":true,"href":"https:\/\/theatre-petit-louvre.fr\/avignon\/wp-json\/wp\/v2\/users\/3"}],"replies":[{"embeddable":true,"href":"https:\/\/theatre-petit-louvre.fr\/avignon\/wp-json\/wp\/v2\/comments?post=3488"}],"version-history":[{"count":12,"href":"https:\/\/theatre-petit-louvre.fr\/avignon\/wp-json\/wp\/v2\/pages\/3488\/revisions"}],"predecessor-version":[{"id":3705,"href":"https:\/\/theatre-petit-louvre.fr\/avignon\/wp-json\/wp\/v2\/pages\/3488\/revisions\/3705"}],"wp:attachment":[{"href":"https:\/\/theatre-petit-louvre.fr\/avignon\/wp-json\/wp\/v2\/media?parent=3488"}],"wp:term":[{"taxonomy":"category","embeddable":true,"href":"https:\/\/theatre-petit-louvre.fr\/avignon\/wp-json\/wp\/v2\/categories?post=3488"},{"taxonomy":"post_tag","embeddable":true,"href":"https:\/\/theatre-petit-louvre.fr\/avignon\/wp-json\/wp\/v2\/tags?post=3488"}],"curies":[{"name":"wp","href":"https:\/\/api.w.org\/{rel}","templated":true}]}}