{"id":4139,"date":"2025-05-13T08:30:44","date_gmt":"2025-05-13T07:30:44","guid":{"rendered":"https:\/\/theatre-petit-louvre.fr\/avignon\/?page_id=4139"},"modified":"2025-05-14T08:08:28","modified_gmt":"2025-05-14T07:08:28","slug":"johnny-libre-dans-ma-tete","status":"publish","type":"page","link":"https:\/\/theatre-petit-louvre.fr\/avignon\/johnny-libre-dans-ma-tete\/","title":{"rendered":"JOHNNY LIBRE DANS MA T\u00caTE"},"content":{"rendered":"\n<p><strong><em>\u00c9crit par Eric Bouvron et Didier Gustin<\/em><\/strong> &#8211; <strong><em>Mise en sc\u00e8ne par Eric Bouvron<\/em><\/strong><\/p>\n\n\n\n<p class=\"has-ast-global-color-4-background-color has-background\"><strong>CHAPELLE DES TEMPLIERS <\/strong> du 5 au 26 juillet 2025 \u00e0 <strong>21h05<\/strong> . Rel\u00e2che le mercredi <strong>(9, 16 et 23 juillet)<\/strong> et <strong>Rel\u00e2ches exceptionnelles<\/strong> : dimanche 13, vendredi 18 et dimanche 20 juillet<br>Dur\u00e9e 1h30 &#8211; A partir de 7 ans &#8211;  Tarifs A  <strong>26\/18\/13 euros<\/strong>. <\/p>\n\n\n\n<div class=\"wp-block-buttons alignwide is-content-justification-center is-layout-flex wp-container-core-buttons-is-layout-a89b3969 wp-block-buttons-is-layout-flex\">\n<div class=\"wp-block-button\"><a class=\"wp-block-button__link wp-element-button\" href=\"https:\/\/billetterie-le-petit-louvre.tickandlive.com\/evenement\/johnny-libre-dans-ma-tete\" target=\"_blank\" rel=\"noreferrer noopener\">R\u00e9servez vos places<\/a><\/div>\n<\/div>\n\n\n\n<div style=\"height:31px\" aria-hidden=\"true\" class=\"wp-block-spacer\"><\/div>\n\n\n\n<figure class=\"wp-block-image aligncenter size-large is-resized\"><img loading=\"lazy\" decoding=\"async\" width=\"680\" height=\"510\" src=\"https:\/\/theatre-petit-louvre.fr\/avignon\/wp-content\/uploads\/2025\/04\/DIDIER-GUSTIN-ret-hdef-Credit-Pauline-Brooks-680x510.jpg\" alt=\"\" class=\"wp-image-4319\" style=\"width:900px;height:auto\" srcset=\"https:\/\/theatre-petit-louvre.fr\/avignon\/wp-content\/uploads\/2025\/04\/DIDIER-GUSTIN-ret-hdef-Credit-Pauline-Brooks-680x510.jpg 680w, https:\/\/theatre-petit-louvre.fr\/avignon\/wp-content\/uploads\/2025\/04\/DIDIER-GUSTIN-ret-hdef-Credit-Pauline-Brooks-300x225.jpg 300w, https:\/\/theatre-petit-louvre.fr\/avignon\/wp-content\/uploads\/2025\/04\/DIDIER-GUSTIN-ret-hdef-Credit-Pauline-Brooks-150x113.jpg 150w, https:\/\/theatre-petit-louvre.fr\/avignon\/wp-content\/uploads\/2025\/04\/DIDIER-GUSTIN-ret-hdef-Credit-Pauline-Brooks-768x576.jpg 768w, https:\/\/theatre-petit-louvre.fr\/avignon\/wp-content\/uploads\/2025\/04\/DIDIER-GUSTIN-ret-hdef-Credit-Pauline-Brooks.jpg 800w\" sizes=\"auto, (max-width: 680px) 100vw, 680px\" \/><\/figure>\n\n\n\n<p class=\"has-text-align-center\">\u00a9 Pauline Brooks<\/p>\n\n\n\n<p style=\"font-size:14px\"><strong>C\u2019EST L\u2019HISTOIRE D\u2019UN MEC\u2026 qui&nbsp; en ressuscite un autre et vice versa&nbsp;!<\/strong><\/p>\n\n\n\n<p>La carri\u00e8re artistique de Didier Gustin est en chute libre jusqu\u2019au jour o\u00f9 Johnny Hallyday lui rend visite pour lui demander d\u2019organiser un ultime concert au Stade de France.<\/p>\n\n\n\n<p>Mais Johnny n\u2019est plus de ce monde ; l\u2019un s\u2019\u00e9vade du Paradis, mais pour l\u2019autre c\u2019est l\u2019Enfer\u2026<\/p>\n\n\n\n<p>Une nouvelle mise en sc\u00e8ne d\u2019Eric Bouvron, qui signe une pi\u00e8ce musicale d\u2019humour o\u00f9 les imitations, la com\u00e9die et la chanson se combinent pour nous raconter une histoire pleine de tendresse, improbable et onirique : celle d\u2019une amiti\u00e9 post-mortem entre une star et un \u00ab has been \u00bb.<\/p>\n\n\n\n<p>Un road movie sensible et dr\u00f4le qui rend hommage \u00e0 l\u2019un de nos plus grands chanteurs fran\u00e7ais, Johnny Hallyday.<\/p>\n\n\n\n<p style=\"font-size:14px\">\u00ab&nbsp;Un has-been c\u2019est un artiste entre deux succ\u00e8s.&nbsp;\u00bb<\/p>\n\n\n\n<div class=\"wp-block-media-text alignwide is-stacked-on-mobile\" style=\"grid-template-columns:36% auto\"><figure class=\"wp-block-media-text__media\"><img loading=\"lazy\" decoding=\"async\" width=\"360\" height=\"510\" src=\"https:\/\/theatre-petit-louvre.fr\/avignon\/wp-content\/uploads\/2025\/04\/Affiche-Johnny-neutre-pr-Petit-Louvre-V2-le\u2560uger-360x510.jpg\" alt=\"\" class=\"wp-image-4282 size-full\" srcset=\"https:\/\/theatre-petit-louvre.fr\/avignon\/wp-content\/uploads\/2025\/04\/Affiche-Johnny-neutre-pr-Petit-Louvre-V2-le\u2560uger-360x510.jpg 360w, https:\/\/theatre-petit-louvre.fr\/avignon\/wp-content\/uploads\/2025\/04\/Affiche-Johnny-neutre-pr-Petit-Louvre-V2-le\u2560uger-212x300.jpg 212w, https:\/\/theatre-petit-louvre.fr\/avignon\/wp-content\/uploads\/2025\/04\/Affiche-Johnny-neutre-pr-Petit-Louvre-V2-le\u2560uger-106x150.jpg 106w, https:\/\/theatre-petit-louvre.fr\/avignon\/wp-content\/uploads\/2025\/04\/Affiche-Johnny-neutre-pr-Petit-Louvre-V2-le\u2560uger.jpg 424w\" sizes=\"auto, (max-width: 360px) 100vw, 360px\" \/><\/figure><div class=\"wp-block-media-text__content\">\n<p>Avec Didier Gustin <\/p>\n\n\n\n<p>Et ses musiciens :<\/p>\n\n\n\n<p>Claviers : Hugo Dessauge en alternance avec Alain Antonelli<\/p>\n\n\n\n<p>Percussions : Jeremy Lain\u00e9<\/p>\n\n\n\n<p>Guitares : Elie Gaulin en alternance avec J\u00e9r\u00e9mie Tepper<\/p>\n\n\n\n<p>Cr\u00e9ation Lumi\u00e8res : Maximilien Gentelet<\/p>\n\n\n\n<p>R\u00e9gie son : Alex Tydus<\/p>\n\n\n\n<p class=\"has-small-font-size\">Production Avignon : Les Passionn\u00e9s du R\u00eave &#8211; Production du spectacle : Hugues Gentelet <\/p>\n<\/div><\/div>\n\n\n\n<p><strong><em>France Dimanche <\/em>\u2022<\/strong> \u00ab\u00a0<em>Standing ovation hautement m\u00e9rit\u00e9e. Entre tendresse, humour et imitations magistrales, l\u2019humoriste nous offre l\u00e0 un incroyable show.\u201d<\/em><\/p>\n\n\n\n<p><strong><em>Le Parisien \u2022<\/em><\/strong> \u00ab\u00a0<em>Une folle \u00e9pop\u00e9e farfelue. Gr\u00e2ce \u00e0 des arrangements subtilement r\u00e9alis\u00e9s, les chansons \u00e9ternelles de Hallyday prennent vie. Les partitions swinguent, groovent \u00e0 loisir, font red\u00e9couvrir les tubes du rockeur sous un nouveau jour.\u201d<\/em><\/p>\n\n\n\n<p><strong><em>M6 \u2022<\/em><\/strong> \u00ab\u00a0<em>On rit et on red\u00e9couvre ses stup\u00e9fiants talents d\u2019imitateur. Il r\u00e9unit avec succ\u00e8s les plus grandes voix de la chanson fran\u00e7aise. Efficace et dr\u00f4le<\/em>. \u00ab\u00a0<\/p>\n\n\n\n<p><strong><em>France 3 \u2022<\/em><\/strong> \u00a0\u00bb <em>L\u2019imitation au service de l\u2019\u00e9motion. On passe d\u2019un univers musical \u00e0 un autre, c\u2019est ultra rapide, c\u2019est p\u00eachu, c\u2019est exigeant<\/em>. \u00ab\u00a0<\/p>\n\n\n\n<p><strong><em>ICI (ex France Bleu) \u2022<\/em><\/strong> <em>\u00ab\u00a0Un cocktail d\u2019humour et d\u2019imitation dont Didier Gustin a la recette.\u201d<\/em><\/p>\n\n\n\n<p><strong><em>Le R\u00e9veil du Midi \u2022<\/em><\/strong> <em>\u201cUne histoire pleine de tendresse, d\u2019\u00e9motion d\u2019o\u00f9 l\u2019on sort \u00e9merveill\u00e9, c\u2019est juste incroyable. La voix de Johnny nous va au fond du c\u0153ur et l\u2019on se prend au jeu, \u00e0 battre des mains, des pieds jusqu\u2019\u00e0 l\u2019unisson\u00a0\u00bb<\/em><\/p>\n\n\n\n<p><strong><em>Actuanews \u2022 <\/em><\/strong><em>\u201cUn hommage aussi dr\u00f4le que poignant. Une mise en sc\u00e8ne rythm\u00e9e et po\u00e9tique. Chaque chanson, chaque passage est une v\u00e9ritable performance o\u00f9 Gustin transcende son art.\u201d<\/em><\/p>\n\n\n\n<p class=\"has-small-font-size\"><\/p>\n","protected":false},"excerpt":{"rendered":"<p>\u00c9crit par Eric Bouvron et Didier Gustin &#8211; Mise en sc\u00e8ne par Eric Bouvron CHAPELLE DES TEMPLIERS du 5 au 26 juillet 2025 \u00e0 21h05 . Rel\u00e2che le mercredi (9, 16 et 23 juillet) et Rel\u00e2ches exceptionnelles : dimanche 13, vendredi 18 et dimanche 20 juilletDur\u00e9e 1h30 &#8211; A partir de 7 ans &#8211; Tarifs [&hellip;]<\/p>\n","protected":false},"author":3,"featured_media":0,"parent":0,"menu_order":0,"comment_status":"closed","ping_status":"closed","template":"","meta":{"_uag_custom_page_level_css":"","site-sidebar-layout":"default","site-content-layout":"","ast-site-content-layout":"default","site-content-style":"default","site-sidebar-style":"default","ast-global-header-display":"","ast-banner-title-visibility":"","ast-main-header-display":"","ast-hfb-above-header-display":"","ast-hfb-below-header-display":"","ast-hfb-mobile-header-display":"","site-post-title":"","ast-breadcrumbs-content":"","ast-featured-img":"","footer-sml-layout":"","ast-disable-related-posts":"","theme-transparent-header-meta":"","adv-header-id-meta":"","stick-header-meta":"","header-above-stick-meta":"","header-main-stick-meta":"","header-below-stick-meta":"","astra-migrate-meta-layouts":"set","ast-page-background-enabled":"default","ast-page-background-meta":{"desktop":{"background-color":"var(--ast-global-color-4)","background-image":"","background-repeat":"repeat","background-position":"center center","background-size":"auto","background-attachment":"scroll","background-type":"","background-media":"","overlay-type":"","overlay-color":"","overlay-gradient":""},"tablet":{"background-color":"","background-image":"","background-repeat":"repeat","background-position":"center center","background-size":"auto","background-attachment":"scroll","background-type":"","background-media":"","overlay-type":"","overlay-color":"","overlay-gradient":""},"mobile":{"background-color":"","background-image":"","background-repeat":"repeat","background-position":"center center","background-size":"auto","background-attachment":"scroll","background-type":"","background-media":"","overlay-type":"","overlay-color":"","overlay-gradient":""}},"ast-content-background-meta":{"desktop":{"background-color":"var(--ast-global-color-5)","background-image":"","background-repeat":"repeat","background-position":"center center","background-size":"auto","background-attachment":"scroll","background-type":"","background-media":"","overlay-type":"","overlay-color":"","overlay-gradient":""},"tablet":{"background-color":"var(--ast-global-color-5)","background-image":"","background-repeat":"repeat","background-position":"center center","background-size":"auto","background-attachment":"scroll","background-type":"","background-media":"","overlay-type":"","overlay-color":"","overlay-gradient":""},"mobile":{"background-color":"var(--ast-global-color-5)","background-image":"","background-repeat":"repeat","background-position":"center center","background-size":"auto","background-attachment":"scroll","background-type":"","background-media":"","overlay-type":"","overlay-color":"","overlay-gradient":""}},"footnotes":"","_links_to":"","_links_to_target":""},"categories":[],"tags":[],"class_list":["post-4139","page","type-page","status-publish","hentry"],"yoast_head":"<!-- This site is optimized with the Yoast SEO plugin v27.4 - https:\/\/yoast.com\/product\/yoast-seo-wordpress\/ -->\n<title>JOHNNY LIBRE DANS MA T\u00caTE - Le Petit Louvre<\/title>\n<meta name=\"description\" content=\"Chaque \u00e9t\u00e9, un th\u00e9\u00e2tre au c\u0153ur d&#039;Avignon, Festival off : des textes, des auteurs, des autrices, des acteurs, des actrices. Deux salles climatis\u00e9es, 15 spectacles, un bar-restaurant.\" \/>\n<meta name=\"robots\" content=\"index, follow, max-snippet:-1, max-image-preview:large, max-video-preview:-1\" \/>\n<link rel=\"canonical\" href=\"https:\/\/theatre-petit-louvre.fr\/avignon\/johnny-libre-dans-ma-tete\/\" \/>\n<meta property=\"og:locale\" content=\"fr_FR\" \/>\n<meta property=\"og:type\" content=\"article\" \/>\n<meta property=\"og:title\" content=\"JOHNNY LIBRE DANS MA T\u00caTE - Le Petit Louvre\" \/>\n<meta property=\"og:description\" content=\"Chaque \u00e9t\u00e9, un th\u00e9\u00e2tre au c\u0153ur d&#039;Avignon, Festival off : des textes, des auteurs, des autrices, des acteurs, des actrices. Deux salles climatis\u00e9es, 15 spectacles, un bar-restaurant.\" \/>\n<meta property=\"og:url\" content=\"https:\/\/theatre-petit-louvre.fr\/avignon\/johnny-libre-dans-ma-tete\/\" \/>\n<meta property=\"og:site_name\" content=\"Le Petit Louvre\" \/>\n<meta property=\"article:modified_time\" content=\"2025-05-14T07:08:28+00:00\" \/>\n<meta property=\"og:image\" content=\"https:\/\/theatre-petit-louvre.fr\/avignon\/wp-content\/uploads\/2025\/04\/DIDIER-GUSTIN-ret-hdef-Credit-Pauline-Brooks.jpg\" \/>\n\t<meta property=\"og:image:width\" content=\"800\" \/>\n\t<meta property=\"og:image:height\" content=\"600\" \/>\n\t<meta property=\"og:image:type\" content=\"image\/jpeg\" \/>\n<meta name=\"twitter:label1\" content=\"Dur\u00e9e de lecture estim\u00e9e\" \/>\n\t<meta name=\"twitter:data1\" content=\"2 minutes\" \/>\n<script type=\"application\/ld+json\" class=\"yoast-schema-graph\">{\"@context\":\"https:\\\/\\\/schema.org\",\"@graph\":[{\"@type\":\"WebPage\",\"@id\":\"https:\\\/\\\/theatre-petit-louvre.fr\\\/avignon\\\/johnny-libre-dans-ma-tete\\\/\",\"url\":\"https:\\\/\\\/theatre-petit-louvre.fr\\\/avignon\\\/johnny-libre-dans-ma-tete\\\/\",\"name\":\"JOHNNY LIBRE DANS MA T\u00caTE - Le Petit Louvre\",\"isPartOf\":{\"@id\":\"https:\\\/\\\/theatre-petit-louvre.fr\\\/avignon\\\/#website\"},\"primaryImageOfPage\":{\"@id\":\"https:\\\/\\\/theatre-petit-louvre.fr\\\/avignon\\\/johnny-libre-dans-ma-tete\\\/#primaryimage\"},\"image\":{\"@id\":\"https:\\\/\\\/theatre-petit-louvre.fr\\\/avignon\\\/johnny-libre-dans-ma-tete\\\/#primaryimage\"},\"thumbnailUrl\":\"https:\\\/\\\/theatre-petit-louvre.fr\\\/avignon\\\/wp-content\\\/uploads\\\/2025\\\/04\\\/DIDIER-GUSTIN-ret-hdef-Credit-Pauline-Brooks-680x510.jpg\",\"datePublished\":\"2025-05-13T07:30:44+00:00\",\"dateModified\":\"2025-05-14T07:08:28+00:00\",\"description\":\"Chaque \u00e9t\u00e9, un th\u00e9\u00e2tre au c\u0153ur d'Avignon, Festival off : des textes, des auteurs, des autrices, des acteurs, des actrices. Deux salles climatis\u00e9es, 15 spectacles, un bar-restaurant.\",\"breadcrumb\":{\"@id\":\"https:\\\/\\\/theatre-petit-louvre.fr\\\/avignon\\\/johnny-libre-dans-ma-tete\\\/#breadcrumb\"},\"inLanguage\":\"fr-FR\",\"potentialAction\":[{\"@type\":\"ReadAction\",\"target\":[\"https:\\\/\\\/theatre-petit-louvre.fr\\\/avignon\\\/johnny-libre-dans-ma-tete\\\/\"]}]},{\"@type\":\"ImageObject\",\"inLanguage\":\"fr-FR\",\"@id\":\"https:\\\/\\\/theatre-petit-louvre.fr\\\/avignon\\\/johnny-libre-dans-ma-tete\\\/#primaryimage\",\"url\":\"https:\\\/\\\/theatre-petit-louvre.fr\\\/avignon\\\/wp-content\\\/uploads\\\/2025\\\/04\\\/DIDIER-GUSTIN-ret-hdef-Credit-Pauline-Brooks.jpg\",\"contentUrl\":\"https:\\\/\\\/theatre-petit-louvre.fr\\\/avignon\\\/wp-content\\\/uploads\\\/2025\\\/04\\\/DIDIER-GUSTIN-ret-hdef-Credit-Pauline-Brooks.jpg\",\"width\":800,\"height\":600},{\"@type\":\"BreadcrumbList\",\"@id\":\"https:\\\/\\\/theatre-petit-louvre.fr\\\/avignon\\\/johnny-libre-dans-ma-tete\\\/#breadcrumb\",\"itemListElement\":[{\"@type\":\"ListItem\",\"position\":1,\"name\":\"Home\",\"item\":\"https:\\\/\\\/theatre-petit-louvre.fr\\\/avignon\\\/\"},{\"@type\":\"ListItem\",\"position\":2,\"name\":\"JOHNNY LIBRE DANS MA T\u00caTE\"}]},{\"@type\":\"WebSite\",\"@id\":\"https:\\\/\\\/theatre-petit-louvre.fr\\\/avignon\\\/#website\",\"url\":\"https:\\\/\\\/theatre-petit-louvre.fr\\\/avignon\\\/\",\"name\":\"Le Petit Louvre\",\"description\":\"un th\u00e9\u00e2tre au c\u0153ur d&#039;Avignon | Festival off\",\"publisher\":{\"@id\":\"https:\\\/\\\/theatre-petit-louvre.fr\\\/avignon\\\/#organization\"},\"potentialAction\":[{\"@type\":\"SearchAction\",\"target\":{\"@type\":\"EntryPoint\",\"urlTemplate\":\"https:\\\/\\\/theatre-petit-louvre.fr\\\/avignon\\\/?s={search_term_string}\"},\"query-input\":{\"@type\":\"PropertyValueSpecification\",\"valueRequired\":true,\"valueName\":\"search_term_string\"}}],\"inLanguage\":\"fr-FR\"},{\"@type\":\"Organization\",\"@id\":\"https:\\\/\\\/theatre-petit-louvre.fr\\\/avignon\\\/#organization\",\"name\":\"Th\u00e9\u00e2tre Le Petit Louvre\",\"url\":\"https:\\\/\\\/theatre-petit-louvre.fr\\\/avignon\\\/\",\"logo\":{\"@type\":\"ImageObject\",\"inLanguage\":\"fr-FR\",\"@id\":\"https:\\\/\\\/theatre-petit-louvre.fr\\\/avignon\\\/#\\\/schema\\\/logo\\\/image\\\/\",\"url\":\"https:\\\/\\\/theatre-petit-louvre.fr\\\/avignon\\\/wp-content\\\/uploads\\\/2022\\\/05\\\/logo_petit-louvre_2008_RVB.png\",\"contentUrl\":\"https:\\\/\\\/theatre-petit-louvre.fr\\\/avignon\\\/wp-content\\\/uploads\\\/2022\\\/05\\\/logo_petit-louvre_2008_RVB.png\",\"width\":374,\"height\":800,\"caption\":\"Th\u00e9\u00e2tre Le Petit Louvre\"},\"image\":{\"@id\":\"https:\\\/\\\/theatre-petit-louvre.fr\\\/avignon\\\/#\\\/schema\\\/logo\\\/image\\\/\"}}]}<\/script>\n<!-- \/ Yoast SEO plugin. -->","yoast_head_json":{"title":"JOHNNY LIBRE DANS MA T\u00caTE - Le Petit Louvre","description":"Chaque \u00e9t\u00e9, un th\u00e9\u00e2tre au c\u0153ur d'Avignon, Festival off : des textes, des auteurs, des autrices, des acteurs, des actrices. Deux salles climatis\u00e9es, 15 spectacles, un bar-restaurant.","robots":{"index":"index","follow":"follow","max-snippet":"max-snippet:-1","max-image-preview":"max-image-preview:large","max-video-preview":"max-video-preview:-1"},"canonical":"https:\/\/theatre-petit-louvre.fr\/avignon\/johnny-libre-dans-ma-tete\/","og_locale":"fr_FR","og_type":"article","og_title":"JOHNNY LIBRE DANS MA T\u00caTE - Le Petit Louvre","og_description":"Chaque \u00e9t\u00e9, un th\u00e9\u00e2tre au c\u0153ur d'Avignon, Festival off : des textes, des auteurs, des autrices, des acteurs, des actrices. Deux salles climatis\u00e9es, 15 spectacles, un bar-restaurant.","og_url":"https:\/\/theatre-petit-louvre.fr\/avignon\/johnny-libre-dans-ma-tete\/","og_site_name":"Le Petit Louvre","article_modified_time":"2025-05-14T07:08:28+00:00","og_image":[{"width":800,"height":600,"url":"https:\/\/theatre-petit-louvre.fr\/avignon\/wp-content\/uploads\/2025\/04\/DIDIER-GUSTIN-ret-hdef-Credit-Pauline-Brooks.jpg","type":"image\/jpeg"}],"twitter_misc":{"Dur\u00e9e de lecture estim\u00e9e":"2 minutes"},"schema":{"@context":"https:\/\/schema.org","@graph":[{"@type":"WebPage","@id":"https:\/\/theatre-petit-louvre.fr\/avignon\/johnny-libre-dans-ma-tete\/","url":"https:\/\/theatre-petit-louvre.fr\/avignon\/johnny-libre-dans-ma-tete\/","name":"JOHNNY LIBRE DANS MA T\u00caTE - Le Petit Louvre","isPartOf":{"@id":"https:\/\/theatre-petit-louvre.fr\/avignon\/#website"},"primaryImageOfPage":{"@id":"https:\/\/theatre-petit-louvre.fr\/avignon\/johnny-libre-dans-ma-tete\/#primaryimage"},"image":{"@id":"https:\/\/theatre-petit-louvre.fr\/avignon\/johnny-libre-dans-ma-tete\/#primaryimage"},"thumbnailUrl":"https:\/\/theatre-petit-louvre.fr\/avignon\/wp-content\/uploads\/2025\/04\/DIDIER-GUSTIN-ret-hdef-Credit-Pauline-Brooks-680x510.jpg","datePublished":"2025-05-13T07:30:44+00:00","dateModified":"2025-05-14T07:08:28+00:00","description":"Chaque \u00e9t\u00e9, un th\u00e9\u00e2tre au c\u0153ur d'Avignon, Festival off : des textes, des auteurs, des autrices, des acteurs, des actrices. Deux salles climatis\u00e9es, 15 spectacles, un bar-restaurant.","breadcrumb":{"@id":"https:\/\/theatre-petit-louvre.fr\/avignon\/johnny-libre-dans-ma-tete\/#breadcrumb"},"inLanguage":"fr-FR","potentialAction":[{"@type":"ReadAction","target":["https:\/\/theatre-petit-louvre.fr\/avignon\/johnny-libre-dans-ma-tete\/"]}]},{"@type":"ImageObject","inLanguage":"fr-FR","@id":"https:\/\/theatre-petit-louvre.fr\/avignon\/johnny-libre-dans-ma-tete\/#primaryimage","url":"https:\/\/theatre-petit-louvre.fr\/avignon\/wp-content\/uploads\/2025\/04\/DIDIER-GUSTIN-ret-hdef-Credit-Pauline-Brooks.jpg","contentUrl":"https:\/\/theatre-petit-louvre.fr\/avignon\/wp-content\/uploads\/2025\/04\/DIDIER-GUSTIN-ret-hdef-Credit-Pauline-Brooks.jpg","width":800,"height":600},{"@type":"BreadcrumbList","@id":"https:\/\/theatre-petit-louvre.fr\/avignon\/johnny-libre-dans-ma-tete\/#breadcrumb","itemListElement":[{"@type":"ListItem","position":1,"name":"Home","item":"https:\/\/theatre-petit-louvre.fr\/avignon\/"},{"@type":"ListItem","position":2,"name":"JOHNNY LIBRE DANS MA T\u00caTE"}]},{"@type":"WebSite","@id":"https:\/\/theatre-petit-louvre.fr\/avignon\/#website","url":"https:\/\/theatre-petit-louvre.fr\/avignon\/","name":"Le Petit Louvre","description":"un th\u00e9\u00e2tre au c\u0153ur d&#039;Avignon | Festival off","publisher":{"@id":"https:\/\/theatre-petit-louvre.fr\/avignon\/#organization"},"potentialAction":[{"@type":"SearchAction","target":{"@type":"EntryPoint","urlTemplate":"https:\/\/theatre-petit-louvre.fr\/avignon\/?s={search_term_string}"},"query-input":{"@type":"PropertyValueSpecification","valueRequired":true,"valueName":"search_term_string"}}],"inLanguage":"fr-FR"},{"@type":"Organization","@id":"https:\/\/theatre-petit-louvre.fr\/avignon\/#organization","name":"Th\u00e9\u00e2tre Le Petit Louvre","url":"https:\/\/theatre-petit-louvre.fr\/avignon\/","logo":{"@type":"ImageObject","inLanguage":"fr-FR","@id":"https:\/\/theatre-petit-louvre.fr\/avignon\/#\/schema\/logo\/image\/","url":"https:\/\/theatre-petit-louvre.fr\/avignon\/wp-content\/uploads\/2022\/05\/logo_petit-louvre_2008_RVB.png","contentUrl":"https:\/\/theatre-petit-louvre.fr\/avignon\/wp-content\/uploads\/2022\/05\/logo_petit-louvre_2008_RVB.png","width":374,"height":800,"caption":"Th\u00e9\u00e2tre Le Petit Louvre"},"image":{"@id":"https:\/\/theatre-petit-louvre.fr\/avignon\/#\/schema\/logo\/image\/"}}]}},"uagb_featured_image_src":{"full":false,"thumbnail":false,"medium":false,"medium_large":false,"large":false,"1536x1536":false,"2048x2048":false},"uagb_author_info":{"display_name":"Jocelyne","author_link":"https:\/\/theatre-petit-louvre.fr\/avignon\/author\/jocelyne\/"},"uagb_comment_info":0,"uagb_excerpt":"\u00c9crit par Eric Bouvron et Didier Gustin &#8211; Mise en sc\u00e8ne par Eric Bouvron CHAPELLE DES TEMPLIERS du 5 au 26 juillet 2025 \u00e0 21h05 . Rel\u00e2che le mercredi (9, 16 et 23 juillet) et Rel\u00e2ches exceptionnelles : dimanche 13, vendredi 18 et dimanche 20 juilletDur\u00e9e 1h30 &#8211; A partir de 7 ans &#8211; Tarifs\u2026","_links":{"self":[{"href":"https:\/\/theatre-petit-louvre.fr\/avignon\/wp-json\/wp\/v2\/pages\/4139","targetHints":{"allow":["GET"]}}],"collection":[{"href":"https:\/\/theatre-petit-louvre.fr\/avignon\/wp-json\/wp\/v2\/pages"}],"about":[{"href":"https:\/\/theatre-petit-louvre.fr\/avignon\/wp-json\/wp\/v2\/types\/page"}],"author":[{"embeddable":true,"href":"https:\/\/theatre-petit-louvre.fr\/avignon\/wp-json\/wp\/v2\/users\/3"}],"replies":[{"embeddable":true,"href":"https:\/\/theatre-petit-louvre.fr\/avignon\/wp-json\/wp\/v2\/comments?post=4139"}],"version-history":[{"count":18,"href":"https:\/\/theatre-petit-louvre.fr\/avignon\/wp-json\/wp\/v2\/pages\/4139\/revisions"}],"predecessor-version":[{"id":4497,"href":"https:\/\/theatre-petit-louvre.fr\/avignon\/wp-json\/wp\/v2\/pages\/4139\/revisions\/4497"}],"wp:attachment":[{"href":"https:\/\/theatre-petit-louvre.fr\/avignon\/wp-json\/wp\/v2\/media?parent=4139"}],"wp:term":[{"taxonomy":"category","embeddable":true,"href":"https:\/\/theatre-petit-louvre.fr\/avignon\/wp-json\/wp\/v2\/categories?post=4139"},{"taxonomy":"post_tag","embeddable":true,"href":"https:\/\/theatre-petit-louvre.fr\/avignon\/wp-json\/wp\/v2\/tags?post=4139"}],"curies":[{"name":"wp","href":"https:\/\/api.w.org\/{rel}","templated":true}]}}