{"id":5380,"date":"2026-04-28T18:46:20","date_gmt":"2026-04-28T17:46:20","guid":{"rendered":"https:\/\/theatre-petit-louvre.fr\/avignon\/?page_id=5380"},"modified":"2026-04-28T23:06:15","modified_gmt":"2026-04-28T22:06:15","slug":"les-generales-publiques","status":"publish","type":"page","link":"https:\/\/theatre-petit-louvre.fr\/avignon\/les-generales-publiques\/","title":{"rendered":"Les Generales Publiques"},"content":{"rendered":"\n<div class=\"wp-block-group has-ast-global-color-5-color has-text-color has-background has-link-color wp-elements-b6faefc38bd2a8bcedb55161162692af is-layout-constrained wp-block-group-is-layout-constrained\" style=\"background-color:#e41f18;margin-top:0;margin-bottom:0\"><div class=\"wp-block-group__inner-container\">\n<div class=\"wp-block-group alignfull has-ast-global-color-5-color has-text-color has-link-color wp-elements-fb83e42e80ebf0cef0f749390fe9d933 is-content-justification-center is-layout-constrained wp-block-group-is-layout-constrained has-background\" style=\"border-bottom-color:var(--wp--preset--color--white);margin-top:0;margin-bottom:0;background-image:url(&apos;https:\/\/theatre-petit-louvre.fr\/avignon\/wp-content\/uploads\/2026\/04\/fond-rideaux-1.png&apos;);background-size:cover;\"><div class=\"wp-block-group__inner-container\">\n<div style=\"height:var(--wp--preset--spacing--20)\" aria-hidden=\"true\" class=\"wp-block-spacer\"><\/div>\n\n\n\n<div class=\"wp-block-group alignwide is-layout-flow wp-block-group-is-layout-flow\"><div class=\"wp-block-group__inner-container\">\n<div class=\"wp-block-buttons is-layout-flex wp-block-buttons-is-layout-flex\">\n<div class=\"wp-block-button is-style-fill\"><a class=\"wp-block-button__link has-ast-global-color-5-background-color has-text-color has-background has-link-color has-small-font-size has-custom-font-size wp-element-button\" style=\"border-top-left-radius:0px;border-top-right-radius:0px;border-bottom-left-radius:0px;border-bottom-right-radius:0px;color:#e41f18;padding-top:5px;padding-bottom:5px\"><strong>Vendredi 3 juillet 2026<\/strong><\/a><\/div>\n<\/div>\n\n\n\n<h1 class=\"wp-block-heading has-ast-global-color-5-color has-text-color has-link-color wp-elements-5cbdc46bad6137ce823f4a12d527615a\"><strong>LES G\u00c9N\u00c9RALES PUBLIQUES<\/strong><\/h1>\n\n\n\n<p><strong>Repr\u00e9sentations gratuites sans r\u00e9servation<\/strong> (dans la limite des places disponibles)<\/p>\n\n\n\n<div class=\"wp-block-buttons is-layout-flex wp-block-buttons-is-layout-flex\">\n<div class=\"wp-block-button is-style-fill\"><a class=\"wp-block-button__link has-ast-global-color-8-color has-text-color has-background has-link-color has-border-color has-black-border-color has-medium-font-size has-custom-font-size wp-element-button\" href=\"https:\/\/www.billetreduc.com\/\" style=\"border-width:2px;border-top-left-radius:0px;border-top-right-radius:0px;border-bottom-left-radius:0px;border-bottom-right-radius:0px;background-color:#ffeb3b;box-shadow:var(--wp--preset--shadow--crisp)\"><strong>R\u00c9SERVER SUR BILLETREDUC<\/strong><\/a><\/div>\n<\/div>\n\n\n\n<div style=\"height:7px\" aria-hidden=\"true\" class=\"wp-block-spacer\"><\/div>\n<\/div><\/div>\n<\/div><\/div>\n\n\n\n<div style=\"margin-top:var(--wp--preset--spacing--50);margin-bottom:var(--wp--preset--spacing--50);height:var(--wp--preset--spacing--20)\" aria-hidden=\"true\" class=\"wp-block-spacer\"><\/div>\n\n\n\n<h2 class=\"wp-block-heading has-ast-global-color-5-color has-text-color has-link-color wp-elements-4998f4a68730e2d6c4eba2d005aaf115\">LA PROGRAMMATION<\/h2>\n\n\n\n<div style=\"height:42px\" aria-hidden=\"true\" class=\"wp-block-spacer\"><\/div>\n\n\n\n<div class=\"wp-block-columns is-layout-flex wp-container-core-columns-is-layout-28f84493 wp-block-columns-is-layout-flex\">\n<div class=\"wp-block-column is-layout-flow wp-block-column-is-layout-flow\">\n<div class=\"wp-block-buttons is-layout-flex wp-container-core-buttons-is-layout-9de36b61 wp-block-buttons-is-layout-flex\" style=\"border-style:none;border-width:0px;margin-top:0;margin-bottom:0\">\n<div class=\"wp-block-button has-custom-width wp-block-button__width-75 is-style-fill\"><a class=\"wp-block-button__link has-ast-global-color-5-background-color has-text-color has-background has-link-color has-medium-font-size has-custom-font-size wp-element-button\" style=\"border-top-left-radius:0px;border-top-right-radius:0px;border-bottom-left-radius:0px;border-bottom-right-radius:0px;color:#e41f18;padding-top:21px;padding-right:var(--wp--preset--spacing--40);padding-bottom:21px;padding-left:var(--wp--preset--spacing--40)\"><strong>CHAPELLE DES TEMPLIERS<\/strong><\/a><\/div>\n<\/div>\n\n\n\n<div class=\"wp-block-group has-border-color has-ast-global-color-5-border-color has-background is-layout-constrained wp-container-core-group-is-layout-d50cf60c wp-block-group-is-layout-constrained\" style=\"background-color:#b11611;margin-top:var(--wp--preset--spacing--30);margin-bottom:var(--wp--preset--spacing--30);padding-top:var(--wp--preset--spacing--20);padding-right:var(--wp--preset--spacing--40);padding-bottom:var(--wp--preset--spacing--20);padding-left:var(--wp--preset--spacing--40)\"><div class=\"wp-block-group__inner-container\">\n<p class=\"has-text-color has-link-color has-medium-font-size wp-elements-b780591457802131276ec08bc5fffe9a\" style=\"border-style:none;border-width:0px;color:#ffeb3b;padding-top:0;padding-right:0;padding-bottom:0;padding-left:0\"><strong>9H55<\/strong> <\/p>\n\n\n\n<p><strong>Le Schpountz<\/strong> (1h30)<\/p>\n<\/div><\/div>\n\n\n\n<div class=\"wp-block-group has-border-color has-ast-global-color-5-border-color has-background is-layout-constrained wp-container-core-group-is-layout-d50cf60c wp-block-group-is-layout-constrained\" style=\"background-color:#b11611;margin-top:var(--wp--preset--spacing--30);margin-bottom:var(--wp--preset--spacing--30);padding-top:var(--wp--preset--spacing--20);padding-right:var(--wp--preset--spacing--40);padding-bottom:var(--wp--preset--spacing--20);padding-left:var(--wp--preset--spacing--40)\"><div class=\"wp-block-group__inner-container\">\n<p class=\"has-text-color has-link-color has-medium-font-size wp-elements-afaf5c48b93115a4904a222b8ee915eb\" style=\"border-style:none;border-width:0px;color:#ffeb3b;padding-top:0;padding-right:0;padding-bottom:0;padding-left:0\"><strong>15H50 <\/strong><\/p>\n\n\n\n<p><strong>Les Nuits Blanches<\/strong> (1h10)<\/p>\n<\/div><\/div>\n\n\n\n<div class=\"wp-block-group has-border-color has-ast-global-color-5-border-color has-background is-layout-constrained wp-container-core-group-is-layout-d50cf60c wp-block-group-is-layout-constrained\" style=\"background-color:#b11611;margin-top:var(--wp--preset--spacing--30);margin-bottom:var(--wp--preset--spacing--30);padding-top:var(--wp--preset--spacing--20);padding-right:var(--wp--preset--spacing--40);padding-bottom:var(--wp--preset--spacing--20);padding-left:var(--wp--preset--spacing--40)\"><div class=\"wp-block-group__inner-container\">\n<p class=\"has-text-color has-link-color has-medium-font-size wp-elements-14704a7cb6f330261f813c830e7c273d\" style=\"border-style:none;border-width:0px;color:#ffeb3b;padding-top:0;padding-right:0;padding-bottom:0;padding-left:0\"><strong>17H30<\/strong><\/p>\n\n\n\n<p><strong>Le Barbier De S\u00e9ville<\/strong> (1h20)<\/p>\n<\/div><\/div>\n\n\n\n<div class=\"wp-block-group has-border-color has-ast-global-color-5-border-color has-background is-layout-constrained wp-container-core-group-is-layout-d50cf60c wp-block-group-is-layout-constrained\" style=\"background-color:#b11611;margin-top:var(--wp--preset--spacing--30);margin-bottom:var(--wp--preset--spacing--30);padding-top:var(--wp--preset--spacing--20);padding-right:var(--wp--preset--spacing--40);padding-bottom:var(--wp--preset--spacing--20);padding-left:var(--wp--preset--spacing--40)\"><div class=\"wp-block-group__inner-container\">\n<p class=\"has-text-color has-link-color has-medium-font-size wp-elements-4d084bde0bca1806bc197c718ed73443\" style=\"border-style:none;border-width:0px;color:#ffeb3b;padding-top:0;padding-right:0;padding-bottom:0;padding-left:0\"><strong>21H10<\/strong> <\/p>\n\n\n\n<p><strong>La Truite<\/strong>  (1h15)<\/p>\n<\/div><\/div>\n<\/div>\n\n\n\n<div class=\"wp-block-column is-layout-flow wp-block-column-is-layout-flow\">\n<div class=\"wp-block-buttons is-layout-flex wp-block-buttons-is-layout-flex\">\n<div class=\"wp-block-button has-custom-width wp-block-button__width-75 is-style-fill\"><a class=\"wp-block-button__link has-ast-global-color-5-background-color has-text-color has-background has-link-color has-medium-font-size has-custom-font-size wp-element-button\" style=\"border-top-left-radius:0px;border-top-right-radius:0px;border-bottom-left-radius:0px;border-bottom-right-radius:0px;color:#e41f18;padding-top:21px;padding-right:var(--wp--preset--spacing--40);padding-bottom:21px;padding-left:var(--wp--preset--spacing--40)\"><strong>SALLE VAN GOGH<\/strong><\/a><\/div>\n<\/div>\n\n\n\n<div class=\"wp-block-group has-border-color has-ast-global-color-5-border-color has-background is-layout-constrained wp-container-core-group-is-layout-d50cf60c wp-block-group-is-layout-constrained\" style=\"background-color:#b11611;margin-top:var(--wp--preset--spacing--30);margin-bottom:var(--wp--preset--spacing--30);padding-top:var(--wp--preset--spacing--20);padding-right:var(--wp--preset--spacing--40);padding-bottom:var(--wp--preset--spacing--20);padding-left:var(--wp--preset--spacing--40)\"><div class=\"wp-block-group__inner-container\">\n<p class=\"has-text-color has-link-color has-medium-font-size wp-elements-c69fe6f31f37f19860358e0d0dbefa1f\" style=\"border-style:none;border-width:0px;color:#ffeb3b;padding-top:0;padding-right:0;padding-bottom:0;padding-left:0\"><strong>10H00<\/strong><\/p>\n\n\n\n<p><strong>Pour l&rsquo;\u00e9ternit\u00e9, H\u00e9l\u00e8ne Berr et Odile Neuburger<\/strong> (1h05)<\/p>\n<\/div><\/div>\n\n\n\n<div class=\"wp-block-group has-border-color has-ast-global-color-5-border-color has-background is-layout-constrained wp-container-core-group-is-layout-d50cf60c wp-block-group-is-layout-constrained\" style=\"background-color:#b11611;margin-top:var(--wp--preset--spacing--30);margin-bottom:var(--wp--preset--spacing--30);padding-top:var(--wp--preset--spacing--20);padding-right:var(--wp--preset--spacing--40);padding-bottom:var(--wp--preset--spacing--20);padding-left:var(--wp--preset--spacing--40)\"><div class=\"wp-block-group__inner-container\">\n<p class=\"has-text-color has-link-color has-medium-font-size wp-elements-b65df28bc2dbd1fdd19d0d06efbe01db\" style=\"border-style:none;border-width:0px;color:#ffeb3b;padding-top:0;padding-right:0;padding-bottom:0;padding-left:0\"><strong>11H40<\/strong><\/p>\n\n\n\n<p><strong>Olympe Audouard,  Premi\u00e8re Femme Journaliste<\/strong> (1h10)<\/p>\n<\/div><\/div>\n\n\n\n<div class=\"wp-block-group has-border-color has-ast-global-color-5-border-color has-background is-layout-constrained wp-container-core-group-is-layout-d50cf60c wp-block-group-is-layout-constrained\" style=\"background-color:#b11611;margin-top:var(--wp--preset--spacing--30);margin-bottom:var(--wp--preset--spacing--30);padding-top:var(--wp--preset--spacing--20);padding-right:var(--wp--preset--spacing--40);padding-bottom:var(--wp--preset--spacing--20);padding-left:var(--wp--preset--spacing--40)\"><div class=\"wp-block-group__inner-container\">\n<p class=\"has-text-color has-link-color has-medium-font-size wp-elements-c7f74c83e8323e4bb30039036c1be2ca\" style=\"border-style:none;border-width:0px;color:#ffeb3b;padding-top:0;padding-right:0;padding-bottom:0;padding-left:0\"><strong>13H10<\/strong><\/p>\n\n\n\n<p><strong>Souvenir d&rsquo;Un Jeune Homme &#8211; Jean Anouilh<\/strong> (1h05)<\/p>\n<\/div><\/div>\n\n\n\n<div class=\"wp-block-group has-border-color has-ast-global-color-5-border-color has-background is-layout-constrained wp-container-core-group-is-layout-d50cf60c wp-block-group-is-layout-constrained\" style=\"background-color:#b11611;margin-top:var(--wp--preset--spacing--30);margin-bottom:var(--wp--preset--spacing--30);padding-top:var(--wp--preset--spacing--20);padding-right:var(--wp--preset--spacing--40);padding-bottom:var(--wp--preset--spacing--20);padding-left:var(--wp--preset--spacing--40)\"><div class=\"wp-block-group__inner-container\">\n<p class=\"has-text-color has-link-color has-medium-font-size wp-elements-ab81d91db01c11eb316745ea034fda2a\" style=\"border-style:none;border-width:0px;color:#ffeb3b;padding-top:0;padding-right:0;padding-bottom:0;padding-left:0\"><strong>14H40<\/strong><\/p>\n\n\n\n<p><strong>Le Chef D\u2019\u0153uvre Inconnu<\/strong> (1h15)<\/p>\n<\/div><\/div>\n\n\n\n<div class=\"wp-block-group has-border-color has-ast-global-color-5-border-color has-background is-layout-constrained wp-container-core-group-is-layout-d50cf60c wp-block-group-is-layout-constrained\" style=\"background-color:#b11611;margin-top:var(--wp--preset--spacing--30);margin-bottom:var(--wp--preset--spacing--30);padding-top:var(--wp--preset--spacing--20);padding-right:var(--wp--preset--spacing--40);padding-bottom:var(--wp--preset--spacing--20);padding-left:var(--wp--preset--spacing--40)\"><div class=\"wp-block-group__inner-container\">\n<p class=\"has-text-color has-link-color has-medium-font-size wp-elements-504908c8479e19cac6cd03abcdb698b8\" style=\"border-style:none;border-width:0px;color:#ffeb3b;padding-top:0;padding-right:0;padding-bottom:0;padding-left:0\"><strong>17H00<\/strong><\/p>\n\n\n\n<p><strong><strong><strong>Bouquins, <\/strong>Une Heure Pour Tout Savoir Sur La Litt\u00e9rature<\/strong><\/strong> (1h15)<\/p>\n<\/div><\/div>\n\n\n\n<div class=\"wp-block-group has-border-color has-ast-global-color-5-border-color has-background is-layout-constrained wp-container-core-group-is-layout-d50cf60c wp-block-group-is-layout-constrained\" style=\"background-color:#b11611;margin-top:var(--wp--preset--spacing--30);margin-bottom:var(--wp--preset--spacing--30);padding-top:var(--wp--preset--spacing--20);padding-right:var(--wp--preset--spacing--40);padding-bottom:var(--wp--preset--spacing--20);padding-left:var(--wp--preset--spacing--40)\"><div class=\"wp-block-group__inner-container\">\n<p class=\"has-text-color has-link-color has-medium-font-size wp-elements-ba82ec9b11bbb4f813bfd50d009a79cf\" style=\"border-style:none;border-width:0px;color:#ffeb3b;padding-top:0;padding-right:0;padding-bottom:0;padding-left:0\"><strong>21H05<\/strong><\/p>\n\n\n\n<p><strong><strong>Le Premier Homme<\/strong><\/strong> (1h15)<\/p>\n<\/div><\/div>\n<\/div>\n<\/div>\n<\/div><\/div>\n\n\n\n<p><\/p>\n","protected":false},"excerpt":{"rendered":"<p>LES G\u00c9N\u00c9RALES PUBLIQUES Repr\u00e9sentations gratuites sans r\u00e9servation (dans la limite des places disponibles) LA PROGRAMMATION 9H55 Le Schpountz (1h30) 15H50 Les Nuits Blanches (1h10) 17H30 Le Barbier De S\u00e9ville (1h20) 21H10 La Truite (1h15) 10H00 Pour l&rsquo;\u00e9ternit\u00e9, H\u00e9l\u00e8ne Berr et Odile Neuburger (1h05) 11H40 Olympe Audouard, Premi\u00e8re Femme Journaliste (1h10) 13H10 Souvenir d&rsquo;Un Jeune Homme [&hellip;]<\/p>\n","protected":false},"author":3,"featured_media":0,"parent":0,"menu_order":0,"comment_status":"closed","ping_status":"closed","template":"","meta":{"_uag_custom_page_level_css":"","site-sidebar-layout":"default","site-content-layout":"","ast-site-content-layout":"default","site-content-style":"default","site-sidebar-style":"default","ast-global-header-display":"","ast-banner-title-visibility":"","ast-main-header-display":"","ast-hfb-above-header-display":"","ast-hfb-below-header-display":"","ast-hfb-mobile-header-display":"","site-post-title":"disabled","ast-breadcrumbs-content":"","ast-featured-img":"","footer-sml-layout":"","ast-disable-related-posts":"","theme-transparent-header-meta":"","adv-header-id-meta":"","stick-header-meta":"","header-above-stick-meta":"","header-main-stick-meta":"","header-below-stick-meta":"","astra-migrate-meta-layouts":"set","ast-page-background-enabled":"default","ast-page-background-meta":{"desktop":{"background-color":"var(--ast-global-color-4)","background-image":"","background-repeat":"repeat","background-position":"center center","background-size":"auto","background-attachment":"scroll","background-type":"","background-media":"","overlay-type":"","overlay-color":"","overlay-opacity":"","overlay-gradient":""},"tablet":{"background-color":"","background-image":"","background-repeat":"repeat","background-position":"center center","background-size":"auto","background-attachment":"scroll","background-type":"","background-media":"","overlay-type":"","overlay-color":"","overlay-opacity":"","overlay-gradient":""},"mobile":{"background-color":"","background-image":"","background-repeat":"repeat","background-position":"center center","background-size":"auto","background-attachment":"scroll","background-type":"","background-media":"","overlay-type":"","overlay-color":"","overlay-opacity":"","overlay-gradient":""}},"ast-content-background-meta":{"desktop":{"background-color":"var(--ast-global-color-5)","background-image":"","background-repeat":"repeat","background-position":"center center","background-size":"auto","background-attachment":"scroll","background-type":"","background-media":"","overlay-type":"","overlay-color":"","overlay-opacity":"","overlay-gradient":""},"tablet":{"background-color":"var(--ast-global-color-5)","background-image":"","background-repeat":"repeat","background-position":"center center","background-size":"auto","background-attachment":"scroll","background-type":"","background-media":"","overlay-type":"","overlay-color":"","overlay-opacity":"","overlay-gradient":""},"mobile":{"background-color":"var(--ast-global-color-5)","background-image":"","background-repeat":"repeat","background-position":"center center","background-size":"auto","background-attachment":"scroll","background-type":"","background-media":"","overlay-type":"","overlay-color":"","overlay-opacity":"","overlay-gradient":""}},"footnotes":"","_links_to":"","_links_to_target":""},"categories":[],"tags":[],"class_list":["post-5380","page","type-page","status-publish","hentry"],"yoast_head":"<!-- This site is optimized with the Yoast SEO plugin v27.5 - https:\/\/yoast.com\/product\/yoast-seo-wordpress\/ -->\n<title>Les Generales Publiques - Le Petit Louvre<\/title>\n<meta name=\"description\" content=\"Chaque \u00e9t\u00e9, un th\u00e9\u00e2tre au c\u0153ur d&#039;Avignon, Festival off : des textes, des auteurs, des autrices, des acteurs, des actrices. Deux salles climatis\u00e9es, 15 spectacles, un bar-restaurant.\" \/>\n<meta name=\"robots\" content=\"index, follow, max-snippet:-1, max-image-preview:large, max-video-preview:-1\" \/>\n<link rel=\"canonical\" href=\"https:\/\/theatre-petit-louvre.fr\/avignon\/les-generales-publiques\/\" \/>\n<meta property=\"og:locale\" content=\"fr_FR\" \/>\n<meta property=\"og:type\" content=\"article\" \/>\n<meta property=\"og:title\" content=\"Les Generales Publiques - Le Petit Louvre\" \/>\n<meta property=\"og:description\" content=\"Chaque \u00e9t\u00e9, un th\u00e9\u00e2tre au c\u0153ur d&#039;Avignon, Festival off : des textes, des auteurs, des autrices, des acteurs, des actrices. Deux salles climatis\u00e9es, 15 spectacles, un bar-restaurant.\" \/>\n<meta property=\"og:url\" content=\"https:\/\/theatre-petit-louvre.fr\/avignon\/les-generales-publiques\/\" \/>\n<meta property=\"og:site_name\" content=\"Le Petit Louvre\" \/>\n<meta property=\"article:modified_time\" content=\"2026-04-28T22:06:15+00:00\" \/>\n<meta name=\"twitter:label1\" content=\"Dur\u00e9e de lecture estim\u00e9e\" \/>\n\t<meta name=\"twitter:data1\" content=\"1 minute\" \/>\n<script type=\"application\/ld+json\" class=\"yoast-schema-graph\">{\"@context\":\"https:\\\/\\\/schema.org\",\"@graph\":[{\"@type\":\"WebPage\",\"@id\":\"https:\\\/\\\/theatre-petit-louvre.fr\\\/avignon\\\/les-generales-publiques\\\/\",\"url\":\"https:\\\/\\\/theatre-petit-louvre.fr\\\/avignon\\\/les-generales-publiques\\\/\",\"name\":\"Les Generales Publiques - Le Petit Louvre\",\"isPartOf\":{\"@id\":\"https:\\\/\\\/theatre-petit-louvre.fr\\\/avignon\\\/#website\"},\"datePublished\":\"2026-04-28T17:46:20+00:00\",\"dateModified\":\"2026-04-28T22:06:15+00:00\",\"description\":\"Chaque \u00e9t\u00e9, un th\u00e9\u00e2tre au c\u0153ur d'Avignon, Festival off : des textes, des auteurs, des autrices, des acteurs, des actrices. Deux salles climatis\u00e9es, 15 spectacles, un bar-restaurant.\",\"breadcrumb\":{\"@id\":\"https:\\\/\\\/theatre-petit-louvre.fr\\\/avignon\\\/les-generales-publiques\\\/#breadcrumb\"},\"inLanguage\":\"fr-FR\",\"potentialAction\":[{\"@type\":\"ReadAction\",\"target\":[\"https:\\\/\\\/theatre-petit-louvre.fr\\\/avignon\\\/les-generales-publiques\\\/\"]}]},{\"@type\":\"BreadcrumbList\",\"@id\":\"https:\\\/\\\/theatre-petit-louvre.fr\\\/avignon\\\/les-generales-publiques\\\/#breadcrumb\",\"itemListElement\":[{\"@type\":\"ListItem\",\"position\":1,\"name\":\"Home\",\"item\":\"https:\\\/\\\/theatre-petit-louvre.fr\\\/avignon\\\/\"},{\"@type\":\"ListItem\",\"position\":2,\"name\":\"Les Generales Publiques\"}]},{\"@type\":\"WebSite\",\"@id\":\"https:\\\/\\\/theatre-petit-louvre.fr\\\/avignon\\\/#website\",\"url\":\"https:\\\/\\\/theatre-petit-louvre.fr\\\/avignon\\\/\",\"name\":\"Le Petit Louvre\",\"description\":\"un th\u00e9\u00e2tre au c\u0153ur d&#039;Avignon | Festival off\",\"publisher\":{\"@id\":\"https:\\\/\\\/theatre-petit-louvre.fr\\\/avignon\\\/#organization\"},\"potentialAction\":[{\"@type\":\"SearchAction\",\"target\":{\"@type\":\"EntryPoint\",\"urlTemplate\":\"https:\\\/\\\/theatre-petit-louvre.fr\\\/avignon\\\/?s={search_term_string}\"},\"query-input\":{\"@type\":\"PropertyValueSpecification\",\"valueRequired\":true,\"valueName\":\"search_term_string\"}}],\"inLanguage\":\"fr-FR\"},{\"@type\":\"Organization\",\"@id\":\"https:\\\/\\\/theatre-petit-louvre.fr\\\/avignon\\\/#organization\",\"name\":\"Th\u00e9\u00e2tre Le Petit Louvre\",\"url\":\"https:\\\/\\\/theatre-petit-louvre.fr\\\/avignon\\\/\",\"logo\":{\"@type\":\"ImageObject\",\"inLanguage\":\"fr-FR\",\"@id\":\"https:\\\/\\\/theatre-petit-louvre.fr\\\/avignon\\\/#\\\/schema\\\/logo\\\/image\\\/\",\"url\":\"https:\\\/\\\/theatre-petit-louvre.fr\\\/avignon\\\/wp-content\\\/uploads\\\/2022\\\/05\\\/logo_petit-louvre_2008_RVB.png\",\"contentUrl\":\"https:\\\/\\\/theatre-petit-louvre.fr\\\/avignon\\\/wp-content\\\/uploads\\\/2022\\\/05\\\/logo_petit-louvre_2008_RVB.png\",\"width\":374,\"height\":800,\"caption\":\"Th\u00e9\u00e2tre Le Petit Louvre\"},\"image\":{\"@id\":\"https:\\\/\\\/theatre-petit-louvre.fr\\\/avignon\\\/#\\\/schema\\\/logo\\\/image\\\/\"}}]}<\/script>\n<!-- \/ Yoast SEO plugin. -->","yoast_head_json":{"title":"Les Generales Publiques - Le Petit Louvre","description":"Chaque \u00e9t\u00e9, un th\u00e9\u00e2tre au c\u0153ur d'Avignon, Festival off : des textes, des auteurs, des autrices, des acteurs, des actrices. Deux salles climatis\u00e9es, 15 spectacles, un bar-restaurant.","robots":{"index":"index","follow":"follow","max-snippet":"max-snippet:-1","max-image-preview":"max-image-preview:large","max-video-preview":"max-video-preview:-1"},"canonical":"https:\/\/theatre-petit-louvre.fr\/avignon\/les-generales-publiques\/","og_locale":"fr_FR","og_type":"article","og_title":"Les Generales Publiques - Le Petit Louvre","og_description":"Chaque \u00e9t\u00e9, un th\u00e9\u00e2tre au c\u0153ur d'Avignon, Festival off : des textes, des auteurs, des autrices, des acteurs, des actrices. Deux salles climatis\u00e9es, 15 spectacles, un bar-restaurant.","og_url":"https:\/\/theatre-petit-louvre.fr\/avignon\/les-generales-publiques\/","og_site_name":"Le Petit Louvre","article_modified_time":"2026-04-28T22:06:15+00:00","twitter_misc":{"Dur\u00e9e de lecture estim\u00e9e":"1 minute"},"schema":{"@context":"https:\/\/schema.org","@graph":[{"@type":"WebPage","@id":"https:\/\/theatre-petit-louvre.fr\/avignon\/les-generales-publiques\/","url":"https:\/\/theatre-petit-louvre.fr\/avignon\/les-generales-publiques\/","name":"Les Generales Publiques - Le Petit Louvre","isPartOf":{"@id":"https:\/\/theatre-petit-louvre.fr\/avignon\/#website"},"datePublished":"2026-04-28T17:46:20+00:00","dateModified":"2026-04-28T22:06:15+00:00","description":"Chaque \u00e9t\u00e9, un th\u00e9\u00e2tre au c\u0153ur d'Avignon, Festival off : des textes, des auteurs, des autrices, des acteurs, des actrices. Deux salles climatis\u00e9es, 15 spectacles, un bar-restaurant.","breadcrumb":{"@id":"https:\/\/theatre-petit-louvre.fr\/avignon\/les-generales-publiques\/#breadcrumb"},"inLanguage":"fr-FR","potentialAction":[{"@type":"ReadAction","target":["https:\/\/theatre-petit-louvre.fr\/avignon\/les-generales-publiques\/"]}]},{"@type":"BreadcrumbList","@id":"https:\/\/theatre-petit-louvre.fr\/avignon\/les-generales-publiques\/#breadcrumb","itemListElement":[{"@type":"ListItem","position":1,"name":"Home","item":"https:\/\/theatre-petit-louvre.fr\/avignon\/"},{"@type":"ListItem","position":2,"name":"Les Generales Publiques"}]},{"@type":"WebSite","@id":"https:\/\/theatre-petit-louvre.fr\/avignon\/#website","url":"https:\/\/theatre-petit-louvre.fr\/avignon\/","name":"Le Petit Louvre","description":"un th\u00e9\u00e2tre au c\u0153ur d&#039;Avignon | Festival off","publisher":{"@id":"https:\/\/theatre-petit-louvre.fr\/avignon\/#organization"},"potentialAction":[{"@type":"SearchAction","target":{"@type":"EntryPoint","urlTemplate":"https:\/\/theatre-petit-louvre.fr\/avignon\/?s={search_term_string}"},"query-input":{"@type":"PropertyValueSpecification","valueRequired":true,"valueName":"search_term_string"}}],"inLanguage":"fr-FR"},{"@type":"Organization","@id":"https:\/\/theatre-petit-louvre.fr\/avignon\/#organization","name":"Th\u00e9\u00e2tre Le Petit Louvre","url":"https:\/\/theatre-petit-louvre.fr\/avignon\/","logo":{"@type":"ImageObject","inLanguage":"fr-FR","@id":"https:\/\/theatre-petit-louvre.fr\/avignon\/#\/schema\/logo\/image\/","url":"https:\/\/theatre-petit-louvre.fr\/avignon\/wp-content\/uploads\/2022\/05\/logo_petit-louvre_2008_RVB.png","contentUrl":"https:\/\/theatre-petit-louvre.fr\/avignon\/wp-content\/uploads\/2022\/05\/logo_petit-louvre_2008_RVB.png","width":374,"height":800,"caption":"Th\u00e9\u00e2tre Le Petit Louvre"},"image":{"@id":"https:\/\/theatre-petit-louvre.fr\/avignon\/#\/schema\/logo\/image\/"}}]}},"uagb_featured_image_src":{"full":false,"thumbnail":false,"medium":false,"medium_large":false,"large":false,"1536x1536":false,"2048x2048":false},"uagb_author_info":{"display_name":"Jocelyne","author_link":"https:\/\/theatre-petit-louvre.fr\/avignon\/author\/jocelyne\/"},"uagb_comment_info":0,"uagb_excerpt":"LES G\u00c9N\u00c9RALES PUBLIQUES Repr\u00e9sentations gratuites sans r\u00e9servation (dans la limite des places disponibles) LA PROGRAMMATION 9H55 Le Schpountz (1h30) 15H50 Les Nuits Blanches (1h10) 17H30 Le Barbier De S\u00e9ville (1h20) 21H10 La Truite (1h15) 10H00 Pour l&rsquo;\u00e9ternit\u00e9, H\u00e9l\u00e8ne Berr et Odile Neuburger (1h05) 11H40 Olympe Audouard, Premi\u00e8re Femme Journaliste (1h10) 13H10 Souvenir d&rsquo;Un Jeune Homme\u2026","_links":{"self":[{"href":"https:\/\/theatre-petit-louvre.fr\/avignon\/wp-json\/wp\/v2\/pages\/5380","targetHints":{"allow":["GET"]}}],"collection":[{"href":"https:\/\/theatre-petit-louvre.fr\/avignon\/wp-json\/wp\/v2\/pages"}],"about":[{"href":"https:\/\/theatre-petit-louvre.fr\/avignon\/wp-json\/wp\/v2\/types\/page"}],"author":[{"embeddable":true,"href":"https:\/\/theatre-petit-louvre.fr\/avignon\/wp-json\/wp\/v2\/users\/3"}],"replies":[{"embeddable":true,"href":"https:\/\/theatre-petit-louvre.fr\/avignon\/wp-json\/wp\/v2\/comments?post=5380"}],"version-history":[{"count":19,"href":"https:\/\/theatre-petit-louvre.fr\/avignon\/wp-json\/wp\/v2\/pages\/5380\/revisions"}],"predecessor-version":[{"id":5408,"href":"https:\/\/theatre-petit-louvre.fr\/avignon\/wp-json\/wp\/v2\/pages\/5380\/revisions\/5408"}],"wp:attachment":[{"href":"https:\/\/theatre-petit-louvre.fr\/avignon\/wp-json\/wp\/v2\/media?parent=5380"}],"wp:term":[{"taxonomy":"category","embeddable":true,"href":"https:\/\/theatre-petit-louvre.fr\/avignon\/wp-json\/wp\/v2\/categories?post=5380"},{"taxonomy":"post_tag","embeddable":true,"href":"https:\/\/theatre-petit-louvre.fr\/avignon\/wp-json\/wp\/v2\/tags?post=5380"}],"curies":[{"name":"wp","href":"https:\/\/api.w.org\/{rel}","templated":true}]}}